{"id":3925,"date":"2021-12-03T18:26:56","date_gmt":"2021-12-03T17:26:56","guid":{"rendered":"https:\/\/www.inextremis-aventura.fr\/?page_id=3925"},"modified":"2025-02-08T13:20:46","modified_gmt":"2025-02-08T12:20:46","slug":"condicions-generals-de-venda","status":"publish","type":"page","link":"https:\/\/www1.inextremis-aventura.fr\/ca\/condicions-generals-de-venda\/","title":{"rendered":"Condicions generals de venda"},"content":{"rendered":"<div class=\"wpb-content-wrapper\"><p>[vc_row full_width=&#8221;stretch_row_content_no_spaces&#8221; css=&#8221;.vc_custom_1677512879833{background-color: #fb2056 !important;}&#8221; el_class=&#8221;blanc&#8221;][vc_column width=&#8221;1\/3&#8243;][vc_column_text css=&#8221;.vc_custom_1677512637096{margin-left: 20px !important;}&#8221; el_class=&#8221;barre&#8221;]<strong><a class=\"blanc\" title=\"Nous contacter!\" href=\"https:\/\/www.inextremis-aventura.fr\/ca\/contacta-amb-nosaltres\/\"><img loading=\"lazy\" decoding=\"async\" title=\"Contacta amb nosaltres !!\" src=\"https:\/\/www.inextremis-aventura.fr\/wp-content\/uploads\/2014\/03\/contact.png\" alt=\"Contacta amb nosaltres !!\" width=\"25\" height=\"15\" \/> Contacta amb nosaltres ! !\u00a0<\/a><\/strong>[\/vc_column_text][\/vc_column][vc_column width=&#8221;1\/3&#8243; offset=&#8221;vc_col-sm-offset-0 vc_hidden-sm vc_hidden-xs&#8221;][vc_column_text]<strong>\u260f +33 9 80 850 565<\/strong>[\/vc_column_text][\/vc_column][vc_column width=&#8221;1\/3&#8243; full_width=&#8221;stretch_row_content_no_spaces&#8221; gap=&#8221;0&#8243; full_height=&#8221;&#8221; columns_placement=&#8221;middle&#8221; equal_height=&#8221;&#8221; rtl_reverse=&#8221;&#8221; content_placement=&#8221;&#8221; disable_element=&#8221;&#8221; offset=&#8221;vc_col-sm-offset-0 vc_hidden-sm vc_hidden-xs&#8221;][vc_column_text]<strong>\u260f 06 29 56 40 36<\/strong>[\/vc_column_text][\/vc_column][\/vc_row][vc_row css=&#8221;.vc_custom_1638556301547{margin-top: 30px !important;}&#8221;][vc_column][vc_column_text css=&#8221;&#8221;]<\/p>\n<h2>Condicions Generals de Venda d&#8217;Inextremis Aventura<\/h2>\n<p><b>El vostre organitzador:<\/b><br \/>\nIdiomes parlats: franc\u00e8s, catal\u00e0, castell\u00e0, angl\u00e8s.<\/p>\n<p><strong>Instructor de barranquisme:<\/strong> instructor de barranquisme certificat per l&#8217;estat franc\u00e8s amb asseguran\u00e7a de responsabilitat civil professional + costos de recerca i rescat.<\/p>\n<p><b>Equip subministrat:<\/b>Neopr\u00e8 de neopr\u00e8, sabates (a partir de la talla 36) i casc (excursionisme aqu\u00e0tic)<br \/>\nNeopr\u00e8 de neopr\u00e8, sabates (a partir de la talla 36), casc, arn\u00e8s, cordons dobles amb mosquetons i descens (Canyoning)<\/p>\n<p><strong>Equip personal que cal portar:<\/strong> 1 banyador, 1 parell de sabates de recanvi (per exemple, xancletes) + 1 parell de mitjons necessaris + ampolles d&#8217;aigua (en quantitat), el\u00e0stic per als cabells llargs.<\/p>\n<p><strong>Nombre m\u00ednim de participants:<\/strong><br \/>\nSortida assegurada a partir de 4 persones<\/p>\n<p><strong>Condicions:<\/strong><\/p>\n<p>&#8211; Estar en bon estat f\u00edsic,<br \/>\n&#8211; No tenir un sobrep\u00e8s significatiu*,<br \/>\n&#8211; No tenir cap contraindicaci\u00f3 m\u00e8dica per a la pr\u00e0ctica de l&#8217;activitat,<br \/>\n&#8211; saber nedar b\u00e9 i no tenir por de l&#8217;aigua,<br \/>\n&#8211; no tenir por de les altures per a barrancs amb r\u00e0pel,<br \/>\n&#8211; proporcionar l&#8217;equipament sol\u00b7licitat,<br \/>\n&#8211; Els menors han d&#8217;anar acompanyats d&#8217;un adult,<br \/>\n&#8211; la persona que fa la reserva es compromet a informar a tots els participants del seu grup sobre les condicions de participaci\u00f3 i l&#8217;evoluci\u00f3 de l&#8217;activitat.<\/p>\n<p>* Es demana a les persones amb sobrep\u00e8s que ho especifiquen en el moment de la reserva, per valorar, en funci\u00f3 de l&#8217;itinerari escollit, si la pr\u00e0ctica de l&#8217;activitat no comporta cap risc.<\/p>\n<p>El dia de la sortida, l&#8217;instructor t\u00e9 dret a rebutjar qualsevol persona que no compleixi totes aquestes condicions (persona beguda o molt cansada, no disposa del seu material, ha mentit sobre el seu pes massa elevat per fer l&#8217;activitat, menor no acompanyat, etc.).<br \/>\nEn aquest cas, no es retornar\u00e0 la fian\u00e7a.<\/p>\n<p>Conceptes de medi ambient i activitats de risc:<br \/>\nEls esports a l&#8217;aire lliure s\u00f3n activitats apassionants i gratificants per\u00f2 comporten riscos vinculats a l&#8217;entorn natural (pericles meteorol\u00f2gics, obstacles i moviments del terreny, esllavissades, caigudes, etc.) aix\u00ed com riscos intr\u00ednsecs a cada activitat esportiva (que varien de &#8220;benignes&#8221; a &#8220;greus&#8221; segons el nivell i tipus de pr\u00e0ctiques en q\u00fcesti\u00f3).<br \/>\nAquests riscos s\u00f3n especialment elevats en determinats esports anomenats &#8220;entorn espec\u00edfic&#8221; (escalada en terreny d&#8217;aventura, Via Ferrata, barranquisme), on es recomana rec\u00f3rrer a una supervisi\u00f3 professional altament qualificada.<\/p>\n<p>Limitaci\u00f3 de responsabilitat del supervisor:<br \/>\nLa funci\u00f3 principal del guia o instructor \u00e9s reduir els riscos, sense poder pretendre eliminar-los completament. Aquest element de risc incompressible, concomitant amb qualsevol desenvolupament en un entorn natural i amb qualsevol noci\u00f3 d&#8217;aventura, pot ser origen de situacions de malestar, mol\u00e8sties, incid\u00e8ncies o fins i tot accidents, vinculades a les caracter\u00edstiques espec\u00edfiques de l&#8217;activitat i\/o del seu entorn natural d&#8217;exercici, amb independ\u00e8ncia de qualsevol culpa del responsable. Aquesta dimensi\u00f3 particular s&#8217;ha de tenir en compte abans de contractar amb un supervisor professional; Per tant, el practicant ha d&#8217;assumir amb ple coneixement dels fets la seva part de responsabilitat en la decisi\u00f3 de dedicar-se a una activitat i un medi natural dels quals no pot ignorar raonablement els riscos objectius inherents als mateixos.<\/p>\n<p>\u2022 Precaucions i deures del professional envers els professionals supervisors i el grup:<br \/>\nAbans de qualsevol activitat, \u00e9s imprescindible:<br \/>\n&#8211; Que el practicant informi als seus guies o monitors del seu perfil f\u00edsic, psicol\u00f2gic i t\u00e8cnic i de les precaucions, restriccions i contraindicacions que se&#8217;n puguin derivar pel que fa a la pr\u00e0ctica esportiva.<br \/>\n\u2013 prendre plena nota de les diferents informacions facilitades pels professionals supervisors per equipar-se i preparar-se de la millor manera possible.<\/p>\n<p>Durant les activitats de camp, per no comprometre la vostra pr\u00f2pia seguretat i la del grup, \u00e9s fonamental:<br \/>\n&#8211; arribar amb l&#8217;equip recomanat (si no el proporciona la direcci\u00f3)<br \/>\n\u2013 respectar les instruccions dels guies o monitors<br \/>\n\u2013 i no dubteu a demanar aclariments, si teniu el m\u00e9s m\u00ednim dubte<\/p>\n<p>Edat m\u00ednima 8 anys per a excursions aqu\u00e0tiques, 10 anys per a barrancs d&#8217;iniciaci\u00f3 a la descoberta, 12 anys per a barrancs d&#8217;iniciaci\u00f3 esportiva i 14 anys per a barrancs esportius (els nens sempre aniran acompanyats dels pares).<br \/>\nCada participant de les activitats ha d&#8217;estar en bon estat f\u00edsic i no ha de tenir cap contraindicaci\u00f3 m\u00e8dica per a la pr\u00e0ctica d&#8217;aquestes activitats.<br \/>\nLes persones que participen en l&#8217;activitat de barranquisme han de poder nedar com a m\u00ednim 25 metres estil lliure, saltar i submergir-se a l&#8217;aigua. Per als centres de vacances es requereix un certificat de 25 m per a cada participant.<\/p>\n<p><strong>Les tarifes d&#8217;estada inclouen:<\/strong><br \/>\nSupervisi\u00f3 per un instructor amb asseguran\u00e7a de responsabilitat civil professional + despeses de recerca i rescat.<br \/>\nPr\u00e9stec d&#8217;equipament espec\u00edfic del can\u00f3<br \/>\nCom a part d&#8217;una estada, allotjament en un hotel ** durant 2 dies en funci\u00f3 de l&#8217;opci\u00f3 de restauraci\u00f3 escollida (base habitaci\u00f3 doble).<br \/>\nCom a part d&#8217;una estada, transport d&#8217;anada i tornada des del vostre hotel de C\u00e9ret als diferents llocs de pr\u00e0ctica.<\/p>\n<p><strong>Allotjament en estades:<br \/>\n<\/strong>Ofereix allotjament en un hotel ** de C\u00e9ret (habitaci\u00f3 doble) durant 2 dies (caps de setmana) i 4 dies (cursos).<br \/>\nDues opcions de restauraci\u00f3: B&amp;B (nit + esmorzar) o mitja pensi\u00f3 (nit + esmorzar + sopar) durant 2 o 4 dies.<\/p>\n<p><strong>No incl\u00f2s (estada):<\/strong><br \/>\nTransport des de casa teva fins a C\u00e9ret<br \/>\nDinar<br \/>\nBegudes<br \/>\nOpci\u00f3 habitaci\u00f3 individual: + 40\u20ac\/persona (2 dies) i 80\u20ac\/persona (4 dies).<br \/>\nOpci\u00f3 de transport d&#8217;anada i tornada Perpiny\u00e0 &#8211;&gt; C\u00e9ret: + 15\u20ac\/persona.<\/p>\n<p><strong>Reserva i pagament:<\/strong><br \/>\nTeniu la possibilitat de fer una reserva en l\u00ednia (firma) amb targeta de cr\u00e8dit, aleshores es validar\u00e0 la reserva.<\/p>\n<p>Tamb\u00e9 teniu la possibilitat de fer una reserva pr\u00e8via enviant-nos un xec del 30% de l&#8217;import total del servei.<br \/>\nTamb\u00e9 tens la possibilitat de posar-te en contacte amb nosaltres mitjan\u00e7ant el formulari de registre fent clic a Contacte al final de cada p\u00e0gina, no t&#8217;oblidis d&#8217;omplir tots els camps que hi ha.<\/p>\n<p><strong>Cancel\u00b7laci\u00f3 de la sortida al barranc:<\/strong><br \/>\nTens un dret de desistiment de 7 dies seg\u00fcents a la data de reserva de la teva estada dins dels 30 dies anteriors al dia de l&#8217;activitat.<br \/>\nM\u00e9s de 15 dies abans de la sortida del barranquisme: no es cobra la fian\u00e7a abonada en el moment de la reserva.<br \/>\nMenys de 7 dies abans de la sortida del can\u00f3: la fian\u00e7a abonada no es retorna i es cobra.<br \/>\nEn cas d&#8217;anul\u00b7laci\u00f3 d&#8217;un o m\u00e9s participants amb menys de 48 hores d&#8217;antelaci\u00f3 o el mateix dia de l&#8217;activitat de barranquisme, les places seran facturades per Inextremis Aventura a tot el grup.<br \/>\nEn funci\u00f3 del cabal d&#8217;aigua i de la meteorologia, l&#8217;organitzador pot decidir despla\u00e7ar-se o cancel\u00b7lar una sortida al barranc per motius de seguretat.<\/p>\n<p><strong>Cancel\u00b7laci\u00f3 de l&#8217;estada de cap de setmana\/canyon:<\/strong><br \/>\nEn cas d&#8217;anul\u00b7laci\u00f3 per la vostra part (tret que trobeu un substitut per a la sortida), les despeses de cancel\u00b7laci\u00f3 seran retinguts per Inextremis Aventura:<br \/>\nTens un dret de desistiment de 7 dies seg\u00fcents a la data de reserva de la teva estada dins dels 30 dies anteriors al dia de l&#8217;activitat.<br \/>\nM\u00e9s de 29 dies abans de la sortida: tarifa plana del 10% per persona en concepte de despeses d&#8217;administraci\u00f3<br \/>\nEntre 29 i 21 dies: 25% de l&#8217;import total<br \/>\nEntre 20 i 8 dies: 50% de l&#8217;import total<br \/>\nEntre 7 i 2 dies: 75% de l&#8217;import total<br \/>\nMenys de 2 dies: 100% de l&#8217;import total<\/p>\n<p><strong>Asseguran\u00e7a i responsabilitat civil<\/strong><br \/>\nEn reservar un servei, certifiques:<br \/>\n&#8211; ser capa\u00e7 de nedar almenys 25 m, submergir-se i saltar;<br \/>\n&#8211; estar en bon estat f\u00edsic i que el seu estat de salut no presenti cap contraindicaci\u00f3 per a la pr\u00e0ctica de l&#8217;activitat en la qual vas a participar;<br \/>\n&#8211; Con\u00e8ixer i assumir amb ple coneixement els riscos inherents a l&#8217;entorn espec\u00edfic denominat &#8220;de risc&#8221; pel qual viatjar\u00e0 i es compromet a no fer responsable d&#8217;aquests riscos a Inextremis Aventura. Aix\u00f2 tamb\u00e9 s&#8217;aplica als beneficiaris i a qualsevol familiar.<\/p>\n<p>La seguretat del grup i la vostra \u00e9s cosa de tots, aix\u00ed que us demanarem que:<br \/>\n&#8211; Seguiu estrictament les instruccions del vostre instructor sense prendre cap iniciativa; que no es fa responsable de les incid\u00e8ncies, accidents o danys corporals que se&#8217;n puguin derivar.<br \/>\n&#8211; Informar de qualsevol problema de salut (hipogluc\u00e8mia, asma, lents de contacte, etc.) o determinats traumatismes que es van produir abans de l&#8217;activitat (com esquin\u00e7os, operacions quir\u00fargiques, fr\u00e0gils articulacions del genoll, etc.) abans de l&#8217;inici de l&#8217;activitat.<\/p>\n<p>Inextremis Aventura supervisa l&#8217;activitat de barranquisme i tamb\u00e9 compta amb monitors independents. Cada instructor independent est\u00e0 cobert per una asseguran\u00e7a de Responsabilitat Civil Professional per a les seves pr\u00f2pies activitats i pels costos derivats d&#8217;una possible operaci\u00f3 de rescat.<br \/>\nAquesta asseguran\u00e7a no cobreix els participants per \u201caccident individual\u201d, recomanem a cada participant que consulti a la companyia asseguradora de la seva elecci\u00f3 una asseguran\u00e7a de responsabilitat civil i\/o una asseguran\u00e7a individual d&#8217;accidents per a la pr\u00e0ctica d&#8217;esports a l&#8217;aire lliure\/de muntanya.<br \/>\nDe fet, no podem substituir la responsabilitat civil individual de cada participant.<\/p>\n<p>L&#8217;empresa Inextremis Aventura est\u00e0 assegurada de responsabilitat civil per a totes les activitats que ofereix i no es pot inc\u00f3rrer en la seva responsabilitat per activitats contractades amb altres prestadors de serveis.<\/p>\n<p>En cas de dany personal, la responsabilitat de l&#8217;empresa Inextremis Aventura i del instructor implicat queda exonerada tan bon punt la v\u00edctima sigui atesa pels serveis d&#8217;emerg\u00e8ncies competents, i qualsevol seguiment hospitalari anir\u00e0 a c\u00e0rrec de l&#8217;asseguran\u00e7a personal de l&#8217;accidentat.<\/p>\n<p>Per als menors que participin en activitats i estades d&#8217;Inextremis Aventura, sota la supervisi\u00f3 d&#8217;una organitzaci\u00f3 externa, aquesta \u00e9s legalment responsable de les condicions de participaci\u00f3.<\/p>\n<p>El participant\/client \u00e9s responsable de l&#8217;equip que se li hagi cedit per a l&#8217;activitat. El professional no es fa responsable dels danys que puguin ocasionar els equips posats a disposici\u00f3.<\/p>\n<p>En cas de robatori, p\u00e8rdua o dany de l&#8217;equip cedit, es pot demanar al participant\/client una compensaci\u00f3 pel desgast o la devoluci\u00f3 \u00edntegra de l&#8217;equip.<\/p>\n<p>En la majoria dels casos, les reunions es fan als aparcaments d&#8217;activitats. Aquests aparcaments solen estar a\u00efllats a la muntanya, t&#8217;aconsellem portar el m\u00ednim necessari als teus vehicles. Inextremis Aventura declina tota responsabilitat en cas de robatori d&#8217;equips dels seus vehicles.<\/p>\n<p>Els professionals (instructors) i l&#8217;empresa Inextremis Aventura no es fan responsables de la p\u00e8rdua, robatori o trencament d&#8217;objectes (p. ex. ulleres, c\u00e0meres, etc.) que els participants puguin portar durant l&#8217;activitat i que es puguin produir durant l&#8217;activitat.<\/p>\n<p><strong>Drets d&#8217;imatge:<\/strong><br \/>\nInextremis Aventura es reserva el dret d&#8217;utilitzar les fotografies i v\u00eddeos realitzats durant els serveis per il\u00b7lustrar els seus fullets, diversos anuncis, xarxes socials i llocs web, llevat que el participant ho indiqui el contrari que, si s&#8217;escau, ho haur\u00e0 d&#8217;establir expressament per correu electr\u00f2nic.<br \/>\nD&#8217;acord amb la Llei n\u00fam. 78-17, de 6 de gener de 1978, relativa a les tecnologies de la informaci\u00f3, els fitxers i les llibertats, t\u00e9 dret a accedir, rectificar o suprimir la informaci\u00f3 que la concerneix.[\/vc_column_text][\/vc_column][\/vc_row][vc_row][vc_column][vc_column_text css=&#8221;&#8221;]<\/p>\n<h3><strong>Targeta regal: lliurament<\/strong><\/h3>\n<p><strong>Disponibilitat de targetes regal<\/strong><\/p>\n<p>Les targetes regal s\u00f3n productes produ\u00efts en quantitats limitades, d&#8217;una banda, a causa de les limitades capacitats de recepci\u00f3 de la nostra empresa, d&#8217;altra banda, a causa del per\u00edode de validesa limitat a un any des de la data de compra.<\/p>\n<p>En cas d&#8217;escassetat d&#8217;estoc temporal o permanent, s&#8217;informar\u00e0 al Comprador i la comanda no es podr\u00e0 completar en aquest format.<\/p>\n<p>Les Targetes Regal s&#8217;entreguen en forma de val digital a l&#8217;adre\u00e7a de correu electr\u00f2nic indicada pel Comprador en fer la seva compra en l\u00ednia. Inextremis Aventura no es fa responsable de cap manera en cas d&#8217;error en l&#8217;adre\u00e7a de correu electr\u00f2nic introdu\u00efda pel Comprador. No obstant aix\u00f2, el comprador pot contactar amb Inextremis Aventura per sol\u00b7licitar un nou enviament.<\/p>\n<p><strong>M\u00e8tode d&#8217;enviament i termini de lliurament de les targetes regal<\/strong><\/p>\n<p>El comprador pot programar la data i l&#8217;hora d&#8217;enviament a l&#8217;adre\u00e7a de correu electr\u00f2nic proporcionada en la compra. El termini de lliurament es realitza autom\u00e0ticament segons la data i els horaris indicats. El comprador rebr\u00e0 un correu electr\u00f2nic amb la seva targeta regal imprimible amb un n\u00famero d&#8217;identificaci\u00f3.<\/p>\n<p>Despeses d&#8217;enviament (servei postal)<\/p>\n<p>Si el comprador decideix rebre la seva targeta regal per correu, les despeses d&#8217;enviament s\u00f3n fixes (3\u20ac) i es cobren a m\u00e9s del preu de les targetes regal en comprar online. No hi ha enviament per correu fora de Fran\u00e7a continental i C\u00f2rsega.<\/p>\n<p>[\/vc_column_text][\/vc_column][\/vc_row]<\/p>\n<\/div>","protected":false},"excerpt":{"rendered":"<p>[vc_row full_width=&#8221;stretch_row_content_no_spaces&#8221; css=&#8221;.vc_custom_1677512879833{background-color: #fb2056 !important;}&#8221; el_class=&#8221;blanc&#8221;][vc_column width=&#8221;1\/3&#8243;][vc_column_text css=&#8221;.vc_custom_1677512637096{margin-left: 20px !important;}&#8221; el_class=&#8221;barre&#8221;] Contacta amb nosaltres ! !\u00a0[\/vc_column_text][\/vc_column][vc_column width=&#8221;1\/3&#8243; offset=&#8221;vc_col-sm-offset-0 vc_hidden-sm vc_hidden-xs&#8221;][vc_column_text]\u260f +33 9 80 850 565[\/vc_column_text][\/vc_column][vc_column width=&#8221;1\/3&#8243; full_width=&#8221;stretch_row_content_no_spaces&#8221; gap=&#8221;0&#8243; full_height=&#8221;&#8221; columns_placement=&#8221;middle&#8221; equal_height=&#8221;&#8221; rtl_reverse=&#8221;&#8221; content_placement=&#8221;&#8221; disable_element=&#8221;&#8221; offset=&#8221;vc_col-sm-offset-0 vc_hidden-sm vc_hidden-xs&#8221;][vc_column_text]\u260f 06 29 56 40 36[\/vc_column_text][\/vc_column][\/vc_row][vc_row css=&#8221;.vc_custom_1638556301547{margin-top: 30px !important;}&#8221;][vc_column][vc_column_text css=&#8221;&#8221;] Condicions Generals de Venda d&#8217;Inextremis Aventura El vostre organitzador: [&hellip;]<\/p>\n","protected":false},"author":1,"featured_media":4889,"parent":0,"menu_order":0,"comment_status":"closed","ping_status":"closed","template":"","meta":{"_acf_changed":false,"_seopress_robots_primary_cat":"","_seopress_titles_title":"","_seopress_titles_desc":"","_seopress_robots_index":"","site-sidebar-layout":"no-sidebar","site-content-layout":"plain-container","ast-site-content-layout":"normal-width-container","site-content-style":"unboxed","site-sidebar-style":"unboxed","ast-global-header-display":"","ast-banner-title-visibility":"","ast-main-header-display":"","ast-hfb-above-header-display":"","ast-hfb-below-header-display":"","ast-hfb-mobile-header-display":"","site-post-title":"disabled","ast-breadcrumbs-content":"","ast-featured-img":"","footer-sml-layout":"","ast-disable-related-posts":"","theme-transparent-header-meta":"enabled","adv-header-id-meta":"5407","stick-header-meta":"enabled","header-above-stick-meta":"","header-main-stick-meta":"on","header-below-stick-meta":"","astra-migrate-meta-layouts":"set","ast-page-background-enabled":"default","ast-page-background-meta":{"desktop":{"background-color":"var(--ast-global-color-4)","background-image":"","background-repeat":"repeat","background-position":"center center","background-size":"auto","background-attachment":"scroll","background-type":"","background-media":"","overlay-type":"","overlay-color":"","overlay-opacity":"","overlay-gradient":""},"tablet":{"background-color":"","background-image":"","background-repeat":"repeat","background-position":"center center","background-size":"auto","background-attachment":"scroll","background-type":"","background-media":"","overlay-type":"","overlay-color":"","overlay-opacity":"","overlay-gradient":""},"mobile":{"background-color":"","background-image":"","background-repeat":"repeat","background-position":"center center","background-size":"auto","background-attachment":"scroll","background-type":"","background-media":"","overlay-type":"","overlay-color":"","overlay-opacity":"","overlay-gradient":""}},"ast-content-background-meta":{"desktop":{"background-color":"var(--ast-global-color-5)","background-image":"","background-repeat":"repeat","background-position":"center center","background-size":"auto","background-attachment":"scroll","background-type":"","background-media":"","overlay-type":"","overlay-color":"","overlay-opacity":"","overlay-gradient":""},"tablet":{"background-color":"var(--ast-global-color-5)","background-image":"","background-repeat":"repeat","background-position":"center center","background-size":"auto","background-attachment":"scroll","background-type":"","background-media":"","overlay-type":"","overlay-color":"","overlay-opacity":"","overlay-gradient":""},"mobile":{"background-color":"var(--ast-global-color-5)","background-image":"","background-repeat":"repeat","background-position":"center center","background-size":"auto","background-attachment":"scroll","background-type":"","background-media":"","overlay-type":"","overlay-color":"","overlay-opacity":"","overlay-gradient":""}},"_glsr_average":0,"_glsr_ranking":0,"_glsr_reviews":0,"footnotes":""},"categories":[],"tags":[],"class_list":["post-3925","page","type-page","status-publish","has-post-thumbnail","hentry"],"acf":[],"_links":{"self":[{"href":"https:\/\/www1.inextremis-aventura.fr\/ca\/wp-json\/wp\/v2\/pages\/3925","targetHints":{"allow":["GET"]}}],"collection":[{"href":"https:\/\/www1.inextremis-aventura.fr\/ca\/wp-json\/wp\/v2\/pages"}],"about":[{"href":"https:\/\/www1.inextremis-aventura.fr\/ca\/wp-json\/wp\/v2\/types\/page"}],"author":[{"embeddable":true,"href":"https:\/\/www1.inextremis-aventura.fr\/ca\/wp-json\/wp\/v2\/users\/1"}],"replies":[{"embeddable":true,"href":"https:\/\/www1.inextremis-aventura.fr\/ca\/wp-json\/wp\/v2\/comments?post=3925"}],"version-history":[{"count":2,"href":"https:\/\/www1.inextremis-aventura.fr\/ca\/wp-json\/wp\/v2\/pages\/3925\/revisions"}],"predecessor-version":[{"id":12445,"href":"https:\/\/www1.inextremis-aventura.fr\/ca\/wp-json\/wp\/v2\/pages\/3925\/revisions\/12445"}],"wp:featuredmedia":[{"embeddable":true,"href":"https:\/\/www1.inextremis-aventura.fr\/ca\/wp-json\/wp\/v2\/media\/4889"}],"wp:attachment":[{"href":"https:\/\/www1.inextremis-aventura.fr\/ca\/wp-json\/wp\/v2\/media?parent=3925"}],"wp:term":[{"taxonomy":"category","embeddable":true,"href":"https:\/\/www1.inextremis-aventura.fr\/ca\/wp-json\/wp\/v2\/categories?post=3925"},{"taxonomy":"post_tag","embeddable":true,"href":"https:\/\/www1.inextremis-aventura.fr\/ca\/wp-json\/wp\/v2\/tags?post=3925"}],"curies":[{"name":"wp","href":"https:\/\/api.w.org\/{rel}","templated":true}]}}