{"id":806,"date":"2021-01-27T18:25:10","date_gmt":"2021-01-27T17:25:10","guid":{"rendered":"https:\/\/www.inextremis-aventura.fr\/home\/"},"modified":"2025-02-04T22:25:23","modified_gmt":"2025-02-04T21:25:23","slug":"home","status":"publish","type":"page","link":"https:\/\/www1.inextremis-aventura.fr\/ca\/","title":{"rendered":"Barranquisme Pirineus Orientals"},"content":{"rendered":"<div class=\"wpb-content-wrapper\"><p>[vc_row full_width=&#8221;stretch_row_content_no_spaces&#8221; content_placement=&#8221;middle&#8221; css=&#8221;.vc_custom_1669811282596{background-color: #fb2056 !important;}&#8221; el_class=&#8221;barre&#8221;][vc_column width=&#8221;1\/4&#8243; offset=&#8221;vc_hidden-sm vc_hidden-xs&#8221;][vc_column_text css=&#8221;.vc_custom_1673177552935{margin-left: 20px !important;}&#8221;]<strong><a class=\"blanc\" title=\"Nous contacter!\" href=\"https:\/\/www.inextremis-aventura.fr\/ca\/contacta-amb-nosaltres\/\"><img loading=\"lazy\" decoding=\"async\" title=\"Contacta amb nosaltres !!\" src=\"https:\/\/www.inextremis-aventura.fr\/wp-content\/uploads\/2014\/03\/contact.png\" alt=\"Contacta amb nosaltres !!\" width=\"25\" height=\"15\" \/> Contacta amb nosaltres ! !\u00a0<\/a><\/strong>[\/vc_column_text][\/vc_column][vc_column width=&#8221;1\/4&#8243; offset=&#8221;vc_col-sm-offset-0 vc_hidden-sm vc_hidden-xs&#8221;][vc_column_text]<strong>\u260f +33 9 80 850 565<\/strong>[\/vc_column_text][\/vc_column][vc_column width=&#8221;1\/4&#8243;][vc_column_text css=&#8221;.vc_custom_1670693987954{margin-left: 20px !important;}&#8221;]<strong><img loading=\"lazy\" decoding=\"async\" class=\"alignnone wp-image-8213\" src=\"https:\/\/www.inextremis-aventura.fr\/wp-content\/uploads\/2022\/12\/icone-mobile.png\" alt=\"+33629564036\" width=\"15\" height=\"25\" \/> 06 29 56 40 36<\/strong>[\/vc_column_text][\/vc_column][vc_column width=&#8221;1\/4&#8243; offset=&#8221;vc_col-sm-offset-0 vc_hidden-sm vc_hidden-xs&#8221;][vc_column_text]<strong><a href=\"https:\/\/goo.gl\/maps\/sMFNHoxDRmRGMJAB9\" target=\"_blank\" rel=\"noopener\"><img loading=\"lazy\" decoding=\"async\" class=\"alignnone wp-image-8229\" title=\"Locaux Inextremis Aventura\" src=\"https:\/\/www.inextremis-aventura.fr\/wp-content\/uploads\/2022\/12\/icone-place.png\" alt=\"Locaux Inextremis Aventura\" width=\"22\" height=\"25\" srcset=\"https:\/\/www1.inextremis-aventura.fr\/wp-content\/uploads\/2022\/12\/icone-place.png 56w, https:\/\/www1.inextremis-aventura.fr\/wp-content\/uploads\/2022\/12\/icone-place-50x56.png 50w\" sizes=\"auto, (max-width: 22px) 100vw, 22px\" \/> Nos Locaux<\/a><\/strong>[\/vc_column_text][\/vc_column][\/vc_row][vc_row][vc_column][vc_column_text css=&#8221;&#8221; el_class=&#8221;product_title&#8221;]<\/p>\n<h2 class=\"product_title entry-title\">Baranquisme Pirineus Orientals<\/h2>\n<p>[\/vc_column_text][vc_column_text css=&#8221;&#8221;]<strong>Barranquisme per a tothom, nens, adolescents, adults als Pirineus Orientals (66) a la regi\u00f3 d&#8217;Occit\u00e0nia amb guies instructors de barranquisme certificats per l&#8217;estat franc\u00e8s d&#8217;Inextremis Aventura.<\/strong>[\/vc_column_text][vc_column_text css=&#8221;&#8221;]Barranquisme als Pirineus Orientals (66) als canyons del Gourg des Anelles i Cascades de Baoussous a C\u00e9ret, al Canyon du Mas Calsan a Reyn\u00e8s, al can\u00f3 de Llech prop de Prades, i per a nens a les Gorges du Terme sup\u00e9rieur d&#8217;Am\u00e9lie les Bains i Gorges de Galamus a Saint Paul de Fenouillet, els Guies Instructors de Canyons d&#8217;Inextremis Aventura, especialistes i pioners de l&#8217;activitat, organitzen i supervisen des de l&#8217;any 1988 les baixades de barrancs als Pirineus Orientals.[\/vc_column_text][vc_column_text css=&#8221;&#8221;]El barranquisme \u00e9s una aventura apassionant que et permet descobrir paisatges naturals impressionants tot assumint reptes emocionants. Tant si sou un amant d&#8217;adrenalina com si voleu explorar la bellesa dels congostos, el barranquisme ofereix una experi\u00e8ncia \u00fanica.<\/p>\n<p>Imagineu-vos baixar en r\u00e0pel per cascades d&#8217;aigua brillants, saltar a piscines naturals cristal\u00b7lines, lliscar per tobogans de roca natural i nedar en rius corrents. El barranquisme combina el senderisme, l&#8217;escalada, la nataci\u00f3 i l&#8217;exploraci\u00f3, oferint una aventura completa que demana el teu coratge i esperit aventurer.<br \/>\n[\/vc_column_text][\/vc_column][\/vc_row][vc_row][vc_column][vc_column_text css=&#8221;&#8221;]<\/p>\n<h3>Descens de Barrancs als Pirineus Orientals<\/h3>\n<p><strong>Canyons de diferents nivells, salts, tobogans, r\u00e0pel en cascades, nataci\u00f3 en aig\u00fces braves.<\/strong><br \/>\nTant si sou un principiant com si sou experimentat, hi ha cursos aptes per a tots els nivells d&#8217;habilitat. Els nostres experimentats guies certificats per l&#8217;estat franc\u00e8s, pioners de l&#8217;activitat als Pirineus Orientals, us acompanyaran i us proporcionaran el material necessari per garantir la vostra seguretat durant tota l&#8217;activitat. Tamb\u00e9 compartiran els seus coneixements de geologia, flora i fauna locals, cosa que us permetr\u00e0 apreciar millor el vostre entorn natural.<br \/>\nEl barranquisme \u00e9s una activitat ideal per a grups d&#8217;amics, fam\u00edlies o amants de l&#8217;aire lliure que busquen una experi\u00e8ncia memorable. Ja sigui per mig dia o un dia sencer, el barranquisme us ofereix una aventura immersiva al cor de la natura, que us permetr\u00e0 crear records inoblidables.<br \/>\nPrepareu-vos per superar els vostres l\u00edmits, superar les vostres pors i meravellar-vos amb el poder de la natura. El barranquisme \u00e9s una experi\u00e8ncia \u00fanica que et permetr\u00e0 experimentar l&#8217;emoci\u00f3, la bellesa i la serenitat dels congosts d&#8217;una manera que mai oblidar\u00e0s.[\/vc_column_text][\/vc_column][\/vc_row][vc_row][vc_column width=&#8221;1\/2&#8243;][vc_column_text css=&#8221;&#8221;]<\/p>\n<h3>Canyon que s&#8217;ofereix actualment al 66!!!<\/h3>\n<p>[\/vc_column_text]<div class=\"woocommerce columns-1 \"><ul class=\"products columns-1\">\n<li class=\"desktop-align-center tablet-align-left mobile-align-left ast-product-gallery-layout-horizontal ast-magnify-disabled product type-product post-796 status-publish first instock product_cat-intermedi product_cat-barranquisme product_tag-aigua-calenta-ca product_tag-conflent-ca product_tag-mig-dia product_tag-novembre-abril product_tag-thues-entre-valls-ca has-post-thumbnail virtual purchasable product-type-appointment\">\n\t<a href=\"https:\/\/www1.inextremis-aventura.fr\/ca\/activitats\/barranquisme-aigua-calenta-de-thues-entre-valls\/\" class=\"woocommerce-LoopProduct-link woocommerce-loop-product__link\"><div class=\"wpcbm-wrapper wpcbm-wrapper-archive-image\"><div class=\"wpcbm-badges wpcbm-badges-top-left wpcbm-badges-archive_image\"><div class=\"wpcbm-badge wpcbm-badge-10027 wpcbm-pid-796 wpcbm-badge-style-04 wpcbm-badge-group-0 hint--top\" aria-label=\"\"><div class=\"wpcbm-badge-inner\">Niveau interm\u00e9diaire - 12 ans<\/div><\/div><\/div><div class=\"wpcbm-badges wpcbm-badges-bottom-left wpcbm-badges-archive_image\"><div class=\"wpcbm-badge wpcbm-badge-10067 wpcbm-pid-796 wpcbm-badge-style-04 wpcbm-badge-group-0 hint--bottom\" aria-label=\"\"><div class=\"wpcbm-badge-inner\">Novembre\/Mars<\/div><\/div><\/div><img loading=\"lazy\" decoding=\"async\" width=\"1000\" height=\"750\" src=\"https:\/\/www1.inextremis-aventura.fr\/wp-content\/uploads\/2021\/11\/canyon-eau-chaude-thues-01.webp\" class=\"attachment-woocommerce_thumbnail size-woocommerce_thumbnail\" alt=\"Barranquisme en aigua calenta de Thu\u00e8s Entre Valls \u2013 Pirineus Orientals - 66\" srcset=\"https:\/\/www1.inextremis-aventura.fr\/wp-content\/uploads\/2021\/11\/canyon-eau-chaude-thues-01.webp 1000w, https:\/\/www1.inextremis-aventura.fr\/wp-content\/uploads\/2021\/11\/canyon-eau-chaude-thues-01-100x75.webp 100w\" sizes=\"auto, (max-width: 1000px) 100vw, 1000px\" \/><\/div><h2 class=\"woocommerce-loop-product__title\">Barranquisme en aigua calenta de Thu\u00e8s Entre Valls \u2013 Barranc en hivern<\/h2><div class=\"glsr glsr-default glsrw-loop-rating\" style=\"display: inline-block; margin: 0 auto;\">\n    <div class=\"glsr-star-rating glsr-stars\" role=\"img\" aria-label=\"Rated 4 out of 5 stars based on 3 ratings\" data-rating=\"4\" data-reviews=\"3\"><span class=\"glsr-star glsr-star-full\" aria-hidden=\"true\"><\/span><span class=\"glsr-star glsr-star-full\" aria-hidden=\"true\"><\/span><span class=\"glsr-star glsr-star-full\" aria-hidden=\"true\"><\/span><span class=\"glsr-star glsr-star-full\" aria-hidden=\"true\"><\/span><span class=\"glsr-star glsr-star-empty\" aria-hidden=\"true\"><\/span><\/div><\/div>\n\t<span class=\"price\">Preus decreixents de 55 a 49 \u20ac <small class=\"duration\">4 hores<\/small><\/span>\n<\/a><a href=\"https:\/\/www1.inextremis-aventura.fr\/ca\/activitats\/barranquisme-aigua-calenta-de-thues-entre-valls\/\" aria-describedby=\"woocommerce_loop_add_to_cart_link_describedby_796\" data-quantity=\"1\" class=\"button product_type_appointment add_to_cart_button \" data-product_id=\"796\" data-product_sku=\"thues-01\" aria-label=\"M\u00e9s informaci\u00f3 sobre &ldquo;Barranquisme en aigua calenta de Thu\u00e8s Entre Valls \u2013 Barranc en hivern&rdquo;\" rel=\"nofollow\">Reservar<\/a>\t<span id=\"woocommerce_loop_add_to_cart_link_describedby_796\" class=\"screen-reader-text\">\n\t\t\t<\/span>\n<\/li>\n<\/ul>\n<\/div>[\/vc_column][vc_column width=&#8221;1\/2&#8243;][vc_column_text css_animation=&#8221;none&#8221; css=&#8221;.vc_custom_1738491812213{padding-top: 10px !important;padding-right: 10px !important;padding-bottom: 10px !important;padding-left: 10px !important;background-color: #00b220 !important;}&#8221; el_class=&#8221;blanc&#8221;]<\/p>\n<h3>On fer barranquisme als Pirineus Orientals ?<\/h3>\n<p><strong><a href=\"https:\/\/www1.inextremis-aventura.fr\/activites\/canyoning-gorges-du-terme-inferieur-amelie-les-bains\/\">Barranc Terme inf\u00e9rior &#8211; Amelie les Bains &#8211; Vallespi : v1a2I<\/a><\/strong><br \/>\n<strong><a href=\"https:\/\/www1.inextremis-aventura.fr\/activites\/canyoning-gorges-de-galamus-saint-paul-de-fenouillet\/\">Barranc Groges de Galamus \u2013 Sant-Pau-de-Fenouillet &#8211; Agly-Fenolledes : v1a3III<\/a><\/strong><br \/>\n<strong><a href=\"https:\/\/www1.inextremis-aventura.fr\/activites\/canyoning-molitg\/\">Barranc de Molitg \u2013 Molitg-les-bains &#8211; Conflent &#8211; Conflent : v3a3II<\/a><\/strong><br \/>\n<strong><a href=\"https:\/\/www1.inextremis-aventura.fr\/activites\/canyoning-cascades-de-baoussous-ceret\/\">Barranc de Baoussous \u2013 C\u00e9ret &#8211; Vallespir : v3a2II<\/a><\/strong><br \/>\n<strong><a href=\"https:\/\/www1.inextremis-aventura.fr\/activites\/canyoning-eaux-chaudes-de-thues-entre-valls\/\"><strong>Barranc d&#8217;aigua calenta la Fageda &#8211; Thu\u00e8s Entre Valls &#8211; Conflent (obert en hivern) : v3a2II<\/strong><\/a><\/strong><br \/>\n<strong><a href=\"https:\/\/www1.inextremis-aventura.fr\/activites\/canyoning-gourg-des-anelles-a-ceret\/\">Barranc Gorg de les Anelles \u2013 Ceret &#8211; Vallespi : v3a4II<\/a><\/strong><br \/>\n<strong><a href=\"https:\/\/www1.inextremis-aventura.fr\/activites\/canyoning-mas-calsan-pyrenees-orientales\/\">Barranc Mas Cal Sant &#8211; Reiniers &#8211; Vallespi : v3a3II<\/a><\/strong><br \/>\n<strong><a href=\"https:\/\/www1.inextremis-aventura.fr\/activites\/canyoning-gorges-du-terme-superieur\/\">Barranc Salt del Pi &#8211; Amelie les Bains &#8211; Vallespir : v3a2III (tancat)<\/a><\/strong><br \/>\n<strong><a href=\"https:\/\/www1.inextremis-aventura.fr\/activites\/canyoning-salt-maria-valenta\/\">Barranc Salt de Maria Valenta &#8211; Arles de Tec &#8211; Vallespi : v4a4IV (tancat)<\/a><\/strong><br \/>\n<strong><a href=\"https:\/\/www1.inextremis-aventura.fr\/activites\/canyoning-gorges-du-llech\/\">Barranc del Llech &#8211; Estoher a prop de Prades &#8211; Conflent : v3a4III<\/a><\/strong><br \/>\n<strong><a href=\"https:\/\/www1.inextremis-aventura.fr\/activites\/canyoning-gorges-du-taurinya\/\">Barranc La Llitera &#8211; Taurinya &#8211; Conflent : v4a4III<\/a><\/strong><br \/>\n<strong>Barranc el Cady &#8211; Castell &#8211; Conflent : v3a2I (normativa especifica)<\/strong>[\/vc_column_text][vc_column_text css=&#8221;.vc_custom_1738491148424{padding-top: 10px !important;padding-right: 10px !important;padding-bottom: 10px !important;padding-left: 10px !important;}&#8221; el_class=&#8221;black&#8221;]<\/p>\n<h3>Els diferents nivells de barranquisme que s&#8217;ofereixen<\/h3>\n<ul>\n<li>Nivell descobriment a partir dels 8 anys<\/li>\n<li>Nivell d&#8217;iniciaci\u00f3 a partir dels 10 anys<\/li>\n<li>Grau mitj\u00e0 entre iniciaci\u00f3 i esports a partir dels 12 anys a l&#8217;estiu<\/li>\n<li>Participants de nivell esportiu que han practicat barranquisme a partir dels 14 anys a l&#8217;estiu<\/li>\n<li>Nivell esportiu + participants experimentats en barranquisme a partir de 14 anys (segons condicions)<\/li>\n<li><\/li>\n<\/ul>\n<p>[\/vc_column_text][\/vc_column][\/vc_row][vc_row][vc_column][vc_column_text css=&#8221;.vc_custom_1738491195086{padding-top: 10px !important;padding-right: 10px !important;padding-bottom: 10px !important;padding-left: 10px !important;background-color: #1e73be !important;}&#8221; el_class=&#8221;blanc&#8221;]<\/p>\n<h3>Equipament per al barranquisme:<\/h3>\n<p>Per al barranquisme, et facilitarem equipament individual: neopr\u00e8 de neopr\u00e8 de 5,5 mm, arnesos (arnesos), cascs, cordons, mosquetons de seguretat, vuit (descens), cal\u00e7at (del 36 al 47) i per als per\u00edodes m\u00e9s freds a l&#8217;inici del curs. samarreta de temporada (samarreta de neopr\u00e8 de 3 mm), mitjons de neopr\u00e8 de 3 mm (d&#8217;octubre a juny), per fer r\u00e0pel des de cascades amb cordes, tirolina en r\u00e0pels guiats, saltar a les onades d&#8217;aigua clara, lliscar per tobogans brillants, passar sota les roques, nedar en aig\u00fces braves al cor dels torrents dels Pirineus Orientals, per descobrir aquesta activitat d&#8217;aventura esportiva i divertida&#8230;[\/vc_column_text][vc_column_text css=&#8221;&#8221;]<\/p>\n<h2>Barranquisme en aigua freda (per\u00edode obert d&#8217;abril a octubre)<\/h2>\n<p>[\/vc_column_text][vc_column_text]<strong>Baixades de barrancs per a tots els nivells, per a tothom a tot el departament dels Pirineus Orientals..<\/strong>[\/vc_column_text][vc_column_text css=&#8221;&#8221;]Barranquisme, Aventura en barranquisme, trekking aqu\u00e0tic, R\u00e0pel, Barranquisme, Exploraci\u00f3 de gorges, Excursions de barranquisme, Cascades i tobogans naturals, barranquisme principiants Barranquisme esportiu, Barranquisme principiant, Barranquisme extrem, Guies de barranquisme<br \/>\nEquipament de barranquisme, Millors llocs de barranquisme dels Pirineus Orientals i curs de barranquisme , sortides de barranquisme en grup.<br \/>\n[\/vc_column_text]<div class=\"woocommerce columns-2 \"><ul class=\"products columns-2\">\n<li class=\"desktop-align-center tablet-align-left mobile-align-left ast-product-gallery-layout-horizontal ast-magnify-disabled product type-product post-657 status-publish first instock product_cat-canyoning product_cat-famille product_tag-amelie-les-bains product_tag-demi-journee product_tag-juillet-aout product_tag-pyrenees-orientales product_tag-terme-inferieur product_tag-vallespir has-post-thumbnail virtual purchasable product-type-appointment\">\n\t<a href=\"https:\/\/www1.inextremis-aventura.fr\/activites\/canyoning-gorges-du-terme-inferieur-amelie-les-bains\/\" class=\"woocommerce-LoopProduct-link woocommerce-loop-product__link\"><div class=\"wpcbm-wrapper wpcbm-wrapper-archive-image\"><div class=\"wpcbm-badges wpcbm-badges-top-right wpcbm-badges-archive_image\"><div class=\"wpcbm-badge wpcbm-badge-12464 wpcbm-pid-657 wpcbm-badge-style-image wpcbm-badge-group-0 hint--top\" aria-label=\"\"><div class=\"wpcbm-badge-inner\"><img loading=\"lazy\" decoding=\"async\" width=\"158\" height=\"158\" src=\"https:\/\/www1.inextremis-aventura.fr\/wp-content\/uploads\/2020\/12\/logo2013_small-50x50.jpg\" class=\"attachment-full size-full\" alt=\"Inextremis Aventura\" \/><\/div><\/div><\/div><img loading=\"lazy\" decoding=\"async\" width=\"1000\" height=\"750\" src=\"https:\/\/www1.inextremis-aventura.fr\/wp-content\/uploads\/2024\/07\/GoogleDrive_DSCN0113.JPG\" class=\"attachment-woocommerce_thumbnail size-woocommerce_thumbnail\" alt=\"Canyoning Gorges du Terme Inf\u00e9rieur - Am\u00e9lie les Bains - Pyr\u00e9n\u00e9es Orientales - 66\" \/><\/div><h2 class=\"woocommerce-loop-product__title\">Canyoning Famille Gorges du Terme inf\u00e9rieur &#8211; Am\u00e9lie les bains &#8211; Pyr\u00e9n\u00e9es Orientales<\/h2><div class=\"glsr glsr-default glsrw-loop-rating\" style=\"display: inline-block; margin: 0 auto;\">\n    <div class=\"glsr-star-rating glsr-stars\" role=\"img\" aria-label=\"Rated 4,8 out of 5 stars based on 8 ratings\" data-rating=\"4.8\" data-reviews=\"8\"><span class=\"glsr-star glsr-star-full\" aria-hidden=\"true\"><\/span><span class=\"glsr-star glsr-star-full\" aria-hidden=\"true\"><\/span><span class=\"glsr-star glsr-star-full\" aria-hidden=\"true\"><\/span><span class=\"glsr-star glsr-star-full\" aria-hidden=\"true\"><\/span><span class=\"glsr-star glsr-star-half\" aria-hidden=\"true\"><\/span><\/div><\/div>\n\t<span class=\"price\">Tarifs d\u00e9gr\u00e9ssifs de 45 \u00e0 39 \u20ac <small class=\"duration\">4 hores<\/small><\/span>\n<\/a><a href=\"https:\/\/www1.inextremis-aventura.fr\/activites\/canyoning-gorges-du-terme-inferieur-amelie-les-bains\/\" aria-describedby=\"woocommerce_loop_add_to_cart_link_describedby_657\" data-quantity=\"1\" class=\"button product_type_appointment add_to_cart_button \" data-product_id=\"657\" data-product_sku=\"terme-01-2025\" aria-label=\"M\u00e9s informaci\u00f3 sobre &ldquo;Canyoning Famille Gorges du Terme inf\u00e9rieur - Am\u00e9lie les bains - Pyr\u00e9n\u00e9es Orientales&rdquo;\" rel=\"nofollow\">Reservar<\/a>\t<span id=\"woocommerce_loop_add_to_cart_link_describedby_657\" class=\"screen-reader-text\">\n\t\t\t<\/span>\n<\/li>\n<li class=\"desktop-align-center tablet-align-left mobile-align-left ast-product-gallery-layout-horizontal ast-magnify-disabled product type-product post-668 status-publish last instock product_cat-canyoning product_cat-famille product_tag-avril-octobre product_tag-demi-journee product_tag-fenouilledes product_tag-galamus product_tag-pyrenees-orientales product_tag-saint-paul-de-fenouillet has-post-thumbnail virtual purchasable product-type-appointment\">\n\t<a href=\"https:\/\/www1.inextremis-aventura.fr\/activites\/canyoning-gorges-de-galamus-saint-paul-de-fenouillet\/\" class=\"woocommerce-LoopProduct-link woocommerce-loop-product__link\"><div class=\"wpcbm-wrapper wpcbm-wrapper-archive-image\"><div class=\"wpcbm-badges wpcbm-badges-top-right wpcbm-badges-archive_image\"><div class=\"wpcbm-badge wpcbm-badge-12468 wpcbm-pid-668 wpcbm-badge-style-image wpcbm-badge-group-0 hint--top\" aria-label=\"\"><div class=\"wpcbm-badge-inner\"><img loading=\"lazy\" decoding=\"async\" width=\"326\" height=\"295\" src=\"https:\/\/www1.inextremis-aventura.fr\/wp-content\/uploads\/2024\/07\/logo-sableo.jpg\" class=\"attachment-full size-full\" alt=\"Sabl\u00e9o\" \/><\/div><\/div><\/div><img loading=\"lazy\" decoding=\"async\" width=\"800\" height=\"600\" src=\"https:\/\/www1.inextremis-aventura.fr\/wp-content\/uploads\/2021\/11\/canyoning-gorges-de-galamus-04.jpg\" class=\"attachment-woocommerce_thumbnail size-woocommerce_thumbnail\" alt=\"Canyoning Gorges de Galamus - Saint Paul de Fenouillet - Pyr\u00e9n\u00e9es Orientales\" srcset=\"https:\/\/www1.inextremis-aventura.fr\/wp-content\/uploads\/2021\/11\/canyoning-gorges-de-galamus-04.jpg 800w, https:\/\/www1.inextremis-aventura.fr\/wp-content\/uploads\/2021\/11\/canyoning-gorges-de-galamus-04-100x75.jpg 100w\" sizes=\"auto, (max-width: 800px) 100vw, 800px\" \/><\/div><h2 class=\"woocommerce-loop-product__title\">Canyoning Gorges de Galamus &#8211; Saint Paul de Fenouillet &#8211; Pyr\u00e9n\u00e9es Orientales<\/h2><div class=\"glsr glsr-default glsrw-loop-rating\" style=\"display: inline-block; margin: 0 auto;\">\n    <div class=\"glsr-star-rating glsr-stars\" role=\"img\" aria-label=\"Rated 4 out of 5 stars based on 3 ratings\" data-rating=\"4\" data-reviews=\"3\"><span class=\"glsr-star glsr-star-full\" aria-hidden=\"true\"><\/span><span class=\"glsr-star glsr-star-full\" aria-hidden=\"true\"><\/span><span class=\"glsr-star glsr-star-full\" aria-hidden=\"true\"><\/span><span class=\"glsr-star glsr-star-full\" aria-hidden=\"true\"><\/span><span class=\"glsr-star glsr-star-empty\" aria-hidden=\"true\"><\/span><\/div><\/div>\n\t<span class=\"price\">Tarifs d\u00e9gressifs de 45 \u00e0 39 \u20ac <small class=\"duration\">4 hores<\/small><\/span>\n<\/a><a href=\"https:\/\/www1.inextremis-aventura.fr\/activites\/canyoning-gorges-de-galamus-saint-paul-de-fenouillet\/\" aria-describedby=\"woocommerce_loop_add_to_cart_link_describedby_668\" data-quantity=\"1\" class=\"button product_type_appointment add_to_cart_button \" data-product_id=\"668\" data-product_sku=\"galamus-01\" aria-label=\"M\u00e9s informaci\u00f3 sobre &ldquo;Canyoning Gorges de Galamus - Saint Paul de Fenouillet - Pyr\u00e9n\u00e9es Orientales&rdquo;\" rel=\"nofollow\">Reservar<\/a>\t<span id=\"woocommerce_loop_add_to_cart_link_describedby_668\" class=\"screen-reader-text\">\n\t\t\t<\/span>\n<\/li>\n<li class=\"desktop-align-center tablet-align-left mobile-align-left ast-product-gallery-layout-horizontal ast-magnify-disabled product type-product post-463 status-publish first instock product_cat-canyoning product_cat-decouverte product_tag-baoussous product_tag-canyoning-ceret product_tag-avril-octobre product_tag-cascades product_tag-demi-journee product_tag-initiation-decouverte product_tag-pyrenees-orientales product_tag-vallespir has-post-thumbnail virtual purchasable product-type-appointment\">\n\t<a href=\"https:\/\/www1.inextremis-aventura.fr\/activites\/canyoning-cascades-de-baoussous-ceret\/\" class=\"woocommerce-LoopProduct-link woocommerce-loop-product__link\"><div class=\"wpcbm-wrapper wpcbm-wrapper-archive-image\"><div class=\"wpcbm-badges wpcbm-badges-top-left wpcbm-badges-archive_image\"><div class=\"wpcbm-badge wpcbm-badge-10034 wpcbm-pid-463 wpcbm-badge-style-04 wpcbm-badge-group-0 hint--top\" aria-label=\"\"><div class=\"wpcbm-badge-inner\">Niveau initiation - 10 ans<\/div><\/div><\/div><div class=\"wpcbm-badges wpcbm-badges-bottom-left wpcbm-badges-archive_image\"><div class=\"wpcbm-badge wpcbm-badge-10060 wpcbm-pid-463 wpcbm-badge-style-04 wpcbm-badge-group-0 hint--top\" aria-label=\"\"><div class=\"wpcbm-badge-inner\">Avril\/Juillet<\/div><\/div><\/div><div class=\"wpcbm-badges wpcbm-badges-top-right wpcbm-badges-archive_image\"><div class=\"wpcbm-badge wpcbm-badge-12464 wpcbm-pid-463 wpcbm-badge-style-image wpcbm-badge-group-0 hint--top\" aria-label=\"\"><div class=\"wpcbm-badge-inner\"><img loading=\"lazy\" decoding=\"async\" width=\"158\" height=\"158\" src=\"https:\/\/www1.inextremis-aventura.fr\/wp-content\/uploads\/2020\/12\/logo2013_small-50x50.jpg\" class=\"attachment-full size-full\" alt=\"Inextremis Aventura\" \/><\/div><\/div><\/div><img loading=\"lazy\" decoding=\"async\" width=\"1000\" height=\"751\" src=\"https:\/\/www1.inextremis-aventura.fr\/wp-content\/uploads\/2021\/09\/canyon-casacades-de-baoussous-01-2021-e1632920491241-1000x751.jpg\" class=\"attachment-woocommerce_thumbnail size-woocommerce_thumbnail\" alt=\"Canyoning cascades de Baoussous \u00e0 C\u00e9ret - Pyr\u00e9n\u00e9es Orientales - 66\" srcset=\"https:\/\/www1.inextremis-aventura.fr\/wp-content\/uploads\/2021\/09\/canyon-casacades-de-baoussous-01-2021-e1632920491241-1000x751.jpg 1000w, https:\/\/www1.inextremis-aventura.fr\/wp-content\/uploads\/2021\/09\/canyon-casacades-de-baoussous-01-2021-e1632920491241.jpg 1400w\" sizes=\"auto, (max-width: 1000px) 100vw, 1000px\" \/><\/div><h2 class=\"woocommerce-loop-product__title\">Canyoning Cascades de Baoussous &#8211; C\u00e9ret &#8211; Pyr\u00e9n\u00e9es Orientales<\/h2><div class=\"glsr glsr-default glsrw-loop-rating\" style=\"display: inline-block; margin: 0 auto;\">\n    <div class=\"glsr-star-rating glsr-stars\" role=\"img\" aria-label=\"Rated 4 out of 5 stars based on 2 ratings\" data-rating=\"4\" data-reviews=\"2\"><span class=\"glsr-star glsr-star-full\" aria-hidden=\"true\"><\/span><span class=\"glsr-star glsr-star-full\" aria-hidden=\"true\"><\/span><span class=\"glsr-star glsr-star-full\" aria-hidden=\"true\"><\/span><span class=\"glsr-star glsr-star-full\" aria-hidden=\"true\"><\/span><span class=\"glsr-star glsr-star-empty\" aria-hidden=\"true\"><\/span><\/div><\/div>\n\t<span class=\"price\">Tarifs d\u00e9gressifs de 55 \u00e0 49 \u20ac <small class=\"duration\">4 hores<\/small><\/span>\n<\/a><a href=\"https:\/\/www1.inextremis-aventura.fr\/activites\/canyoning-cascades-de-baoussous-ceret\/\" aria-describedby=\"woocommerce_loop_add_to_cart_link_describedby_463\" data-quantity=\"1\" class=\"button product_type_appointment add_to_cart_button \" data-product_id=\"463\" data-product_sku=\"baoussous-01\" aria-label=\"M\u00e9s informaci\u00f3 sobre &ldquo;Canyoning Cascades de Baoussous - C\u00e9ret - Pyr\u00e9n\u00e9es Orientales&rdquo;\" rel=\"nofollow\">Reservar<\/a>\t<span id=\"woocommerce_loop_add_to_cart_link_describedby_463\" class=\"screen-reader-text\">\n\t\t\t<\/span>\n<\/li>\n<li class=\"desktop-align-center tablet-align-left mobile-align-left ast-product-gallery-layout-horizontal ast-magnify-disabled product type-product post-84 status-publish last instock product_cat-canyoning product_cat-intermediaire product_tag-anelles product_tag-canyoning-ceret product_tag-avril-octobre product_tag-demi-journee product_tag-initiation-sportive product_tag-pyrenees-orientales product_tag-vallespir has-post-thumbnail virtual purchasable product-type-appointment\">\n\t<a href=\"https:\/\/www1.inextremis-aventura.fr\/activites\/canyoning-gourg-des-anelles-a-ceret\/\" class=\"woocommerce-LoopProduct-link woocommerce-loop-product__link\"><div class=\"wpcbm-wrapper wpcbm-wrapper-archive-image\"><div class=\"wpcbm-badges wpcbm-badges-top-right wpcbm-badges-archive_image\"><div class=\"wpcbm-badge wpcbm-badge-12464 wpcbm-pid-84 wpcbm-badge-style-image wpcbm-badge-group-0 hint--top\" aria-label=\"\"><div class=\"wpcbm-badge-inner\"><img loading=\"lazy\" decoding=\"async\" width=\"158\" height=\"158\" src=\"https:\/\/www1.inextremis-aventura.fr\/wp-content\/uploads\/2020\/12\/logo2013_small-50x50.jpg\" class=\"attachment-full size-full\" alt=\"Inextremis Aventura\" \/><\/div><\/div><\/div><img loading=\"lazy\" decoding=\"async\" width=\"1000\" height=\"750\" src=\"https:\/\/www1.inextremis-aventura.fr\/wp-content\/uploads\/2020\/12\/canyon-gourg-des-anelles-rappel-2020.jpg\" class=\"attachment-woocommerce_thumbnail size-woocommerce_thumbnail\" alt=\"Canyoning Gourg des Anelles - C\u00e9ret - Pyr\u00e9n\u00e9es Orientales - 66\" srcset=\"https:\/\/www1.inextremis-aventura.fr\/wp-content\/uploads\/2020\/12\/canyon-gourg-des-anelles-rappel-2020.jpg 1000w, https:\/\/www1.inextremis-aventura.fr\/wp-content\/uploads\/2020\/12\/canyon-gourg-des-anelles-rappel-2020-100x75.jpg 100w\" sizes=\"auto, (max-width: 1000px) 100vw, 1000px\" \/><\/div><h2 class=\"woocommerce-loop-product__title\">Canyoning Gourg des Anelles &#8211; C\u00e9ret &#8211; Pyr\u00e9n\u00e9es Orientales<\/h2><div class=\"glsr glsr-default glsrw-loop-rating\" style=\"display: inline-block; margin: 0 auto;\">\n    <div class=\"glsr-star-rating glsr-stars\" role=\"img\" aria-label=\"Rated 5 out of 5 stars based on 13 ratings\" data-rating=\"5\" data-reviews=\"13\"><span class=\"glsr-star glsr-star-full\" aria-hidden=\"true\"><\/span><span class=\"glsr-star glsr-star-full\" aria-hidden=\"true\"><\/span><span class=\"glsr-star glsr-star-full\" aria-hidden=\"true\"><\/span><span class=\"glsr-star glsr-star-full\" aria-hidden=\"true\"><\/span><span class=\"glsr-star glsr-star-full\" aria-hidden=\"true\"><\/span><\/div><\/div>\n\t<span class=\"price\">Tarifs d\u00e9gressifs de 55 \u00e0 49 \u20ac <small class=\"duration\">4 hores<\/small><\/span>\n<\/a><a href=\"https:\/\/www1.inextremis-aventura.fr\/activites\/canyoning-gourg-des-anelles-a-ceret\/\" aria-describedby=\"woocommerce_loop_add_to_cart_link_describedby_84\" data-quantity=\"1\" class=\"button product_type_appointment add_to_cart_button \" data-product_id=\"84\" data-product_sku=\"anelles-01-2025\" aria-label=\"M\u00e9s informaci\u00f3 sobre &ldquo;Canyoning Gourg des Anelles - C\u00e9ret - Pyr\u00e9n\u00e9es Orientales&rdquo;\" rel=\"nofollow\">Reservar<\/a>\t<span id=\"woocommerce_loop_add_to_cart_link_describedby_84\" class=\"screen-reader-text\">\n\t\t\t<\/span>\n<\/li>\n<li class=\"desktop-align-center tablet-align-left mobile-align-left ast-product-gallery-layout-horizontal ast-magnify-disabled product type-product post-612 status-publish first instock product_cat-canyoning product_cat-sportif product_tag-avril-juin product_tag-journee-complete product_tag-mas-calsan product_tag-pyrenees-orientales product_tag-reynes product_tag-vallespir has-post-thumbnail virtual purchasable product-type-appointment\">\n\t<a href=\"https:\/\/www1.inextremis-aventura.fr\/activites\/canyoning-mas-calsan-pyrenees-orientales\/\" class=\"woocommerce-LoopProduct-link woocommerce-loop-product__link\"><div class=\"wpcbm-wrapper wpcbm-wrapper-archive-image\"><div class=\"wpcbm-badges wpcbm-badges-top-right wpcbm-badges-archive_image\"><div class=\"wpcbm-badge wpcbm-badge-12464 wpcbm-pid-612 wpcbm-badge-style-image wpcbm-badge-group-0 hint--top\" aria-label=\"\"><div class=\"wpcbm-badge-inner\"><img loading=\"lazy\" decoding=\"async\" width=\"158\" height=\"158\" src=\"https:\/\/www1.inextremis-aventura.fr\/wp-content\/uploads\/2020\/12\/logo2013_small-50x50.jpg\" class=\"attachment-full size-full\" alt=\"Inextremis Aventura\" \/><\/div><\/div><\/div><img loading=\"lazy\" decoding=\"async\" width=\"1000\" height=\"750\" src=\"https:\/\/www1.inextremis-aventura.fr\/wp-content\/uploads\/2021\/11\/canyon-mas-calsan-05.jpg\" class=\"attachment-woocommerce_thumbnail size-woocommerce_thumbnail\" alt=\"Canyon du mas Calsan \u00e0 reyn\u00e8s - Pyr\u00e9n\u00e9es Orientales\" srcset=\"https:\/\/www1.inextremis-aventura.fr\/wp-content\/uploads\/2021\/11\/canyon-mas-calsan-05.jpg 1000w, https:\/\/www1.inextremis-aventura.fr\/wp-content\/uploads\/2021\/11\/canyon-mas-calsan-05-100x75.jpg 100w\" sizes=\"auto, (max-width: 1000px) 100vw, 1000px\" \/><\/div><h2 class=\"woocommerce-loop-product__title\">Canyoning Mas Calsan &#8211; Reynes &#8211; Pyr\u00e9n\u00e9es Orientales<\/h2><div class=\"glsr glsr-default glsrw-loop-rating\" style=\"display: inline-block; margin: 0 auto;\">\n    <div class=\"glsr-star-rating glsr-stars\" role=\"img\" aria-label=\"Rated 5 out of 5 stars based on 1 ratings\" data-rating=\"5\" data-reviews=\"1\"><span class=\"glsr-star glsr-star-full\" aria-hidden=\"true\"><\/span><span class=\"glsr-star glsr-star-full\" aria-hidden=\"true\"><\/span><span class=\"glsr-star glsr-star-full\" aria-hidden=\"true\"><\/span><span class=\"glsr-star glsr-star-full\" aria-hidden=\"true\"><\/span><span class=\"glsr-star glsr-star-full\" aria-hidden=\"true\"><\/span><\/div><\/div>\n\t<span class=\"price\">Tarifs d\u00e9gressifs de 65 \u00e0 49 \u20ac <small class=\"duration\">4 hores<\/small><\/span>\n<\/a><a href=\"https:\/\/www1.inextremis-aventura.fr\/activites\/canyoning-mas-calsan-pyrenees-orientales\/\" aria-describedby=\"woocommerce_loop_add_to_cart_link_describedby_612\" data-quantity=\"1\" class=\"button product_type_appointment add_to_cart_button \" data-product_id=\"612\" data-product_sku=\"calsan-01\" aria-label=\"M\u00e9s informaci\u00f3 sobre &ldquo;Canyoning Mas Calsan - Reynes - Pyr\u00e9n\u00e9es Orientales&rdquo;\" rel=\"nofollow\">Reservar<\/a>\t<span id=\"woocommerce_loop_add_to_cart_link_describedby_612\" class=\"screen-reader-text\">\n\t\t\t<\/span>\n<\/li>\n<li class=\"desktop-align-center tablet-align-left mobile-align-left ast-product-gallery-layout-horizontal ast-magnify-disabled product type-product post-684 status-publish last instock product_cat-canyoning product_cat-tres-sportif product_tag-avril-octobre product_tag-conflent product_tag-demi-journee product_tag-llech product_tag-prades product_tag-pyrenees-orientales has-post-thumbnail virtual purchasable product-type-appointment\">\n\t<a href=\"https:\/\/www1.inextremis-aventura.fr\/activites\/canyoning-gorges-du-llech\/\" class=\"woocommerce-LoopProduct-link woocommerce-loop-product__link\"><div class=\"wpcbm-wrapper wpcbm-wrapper-archive-image\"><div class=\"wpcbm-badges wpcbm-badges-top-right wpcbm-badges-archive_image\"><div class=\"wpcbm-badge wpcbm-badge-12464 wpcbm-pid-684 wpcbm-badge-style-image wpcbm-badge-group-0 hint--top\" aria-label=\"\"><div class=\"wpcbm-badge-inner\"><img loading=\"lazy\" decoding=\"async\" width=\"158\" height=\"158\" src=\"https:\/\/www1.inextremis-aventura.fr\/wp-content\/uploads\/2020\/12\/logo2013_small-50x50.jpg\" class=\"attachment-full size-full\" alt=\"Inextremis Aventura\" \/><\/div><\/div><\/div><img loading=\"lazy\" decoding=\"async\" width=\"1000\" height=\"762\" src=\"https:\/\/www1.inextremis-aventura.fr\/wp-content\/uploads\/2021\/11\/llech-2024-1000x762.jpg\" class=\"attachment-woocommerce_thumbnail size-woocommerce_thumbnail\" alt=\"Canyoning Gorges du Llech - Prades - Pyr\u00e9n\u00e9es Orientales\" srcset=\"https:\/\/www1.inextremis-aventura.fr\/wp-content\/uploads\/2021\/11\/llech-2024-1000x762.jpg 1000w, https:\/\/www1.inextremis-aventura.fr\/wp-content\/uploads\/2021\/11\/llech-2024-300x229.jpg 300w, https:\/\/www1.inextremis-aventura.fr\/wp-content\/uploads\/2021\/11\/llech-2024-1024x780.jpg 1024w, https:\/\/www1.inextremis-aventura.fr\/wp-content\/uploads\/2021\/11\/llech-2024-768x585.jpg 768w, https:\/\/www1.inextremis-aventura.fr\/wp-content\/uploads\/2021\/11\/llech-2024-1320x1006.jpg 1320w, https:\/\/www1.inextremis-aventura.fr\/wp-content\/uploads\/2021\/11\/llech-2024.jpg 1400w\" sizes=\"auto, (max-width: 1000px) 100vw, 1000px\" \/><\/div><h2 class=\"woocommerce-loop-product__title\">Canyoning Llech &#8211; Prades &#8211; Pyr\u00e9n\u00e9es Orientales<\/h2><div class=\"glsr glsr-default glsrw-loop-rating\" style=\"display: inline-block; margin: 0 auto;\">\n    <div class=\"glsr-star-rating glsr-stars\" role=\"img\" aria-label=\"Rated 5 out of 5 stars based on 1 ratings\" data-rating=\"5\" data-reviews=\"1\"><span class=\"glsr-star glsr-star-full\" aria-hidden=\"true\"><\/span><span class=\"glsr-star glsr-star-full\" aria-hidden=\"true\"><\/span><span class=\"glsr-star glsr-star-full\" aria-hidden=\"true\"><\/span><span class=\"glsr-star glsr-star-full\" aria-hidden=\"true\"><\/span><span class=\"glsr-star glsr-star-full\" aria-hidden=\"true\"><\/span><\/div><\/div>\n\t<span class=\"price\">Tarifs d\u00e9gressifs de 65 \u00e0 59 \u20ac <small class=\"duration\">4 hores<\/small><\/span>\n<\/a><a href=\"https:\/\/www1.inextremis-aventura.fr\/activites\/canyoning-gorges-du-llech\/\" aria-describedby=\"woocommerce_loop_add_to_cart_link_describedby_684\" data-quantity=\"1\" class=\"button product_type_appointment add_to_cart_button \" data-product_id=\"684\" data-product_sku=\"llech-01\" aria-label=\"M\u00e9s informaci\u00f3 sobre &ldquo;Canyoning Llech - Prades - Pyr\u00e9n\u00e9es Orientales&rdquo;\" rel=\"nofollow\">Reservar<\/a>\t<span id=\"woocommerce_loop_add_to_cart_link_describedby_684\" class=\"screen-reader-text\">\n\t\t\t<\/span>\n<\/li>\n<\/ul>\n<\/div>[\/vc_column][\/vc_row][vc_row][vc_column width=&#8221;1\/2&#8243;]<div class=\"woocommerce columns-1 \"><ul class=\"products columns-1\">\n<li class=\"desktop-align-center tablet-align-left mobile-align-left ast-product-gallery-layout-horizontal ast-product-gallery-with-no-image ast-magnify-disabled ast-product-single-variable product type-product post-11558 status-publish first instock product_cat-bon-cadeau product_cat-canyoning has-post-thumbnail purchasable product-type-variable\">\n\t<a href=\"https:\/\/www1.inextremis-aventura.fr\/activites\/carte-cadeau-2025\/\" class=\"woocommerce-LoopProduct-link woocommerce-loop-product__link\"><div class=\"wpcbm-wrapper wpcbm-wrapper-archive-image\"><div class=\"wpcbm-badges wpcbm-badges-top-right wpcbm-badges-archive_image\"><div class=\"wpcbm-badge wpcbm-badge-12464 wpcbm-pid-11558 wpcbm-badge-style-image wpcbm-badge-group-0 hint--top\" aria-label=\"\"><div class=\"wpcbm-badge-inner\"><img loading=\"lazy\" decoding=\"async\" width=\"158\" height=\"158\" src=\"https:\/\/www1.inextremis-aventura.fr\/wp-content\/uploads\/2020\/12\/logo2013_small-50x50.jpg\" class=\"attachment-full size-full\" alt=\"Inextremis Aventura\" \/><\/div><\/div><\/div><img loading=\"lazy\" decoding=\"async\" width=\"1000\" height=\"715\" src=\"https:\/\/www1.inextremis-aventura.fr\/wp-content\/uploads\/2021\/11\/carte-cadeau-canyoning-e1675812710592-1000x715.jpg\" class=\"attachment-woocommerce_thumbnail size-woocommerce_thumbnail\" alt=\"Carte cadeau Canyoning\" srcset=\"https:\/\/www1.inextremis-aventura.fr\/wp-content\/uploads\/2021\/11\/carte-cadeau-canyoning-e1675812710592-1000x715.jpg 1000w, https:\/\/www1.inextremis-aventura.fr\/wp-content\/uploads\/2021\/11\/carte-cadeau-canyoning-e1675812710592.jpg 1400w\" sizes=\"auto, (max-width: 1000px) 100vw, 1000px\" \/><\/div><h2 class=\"woocommerce-loop-product__title\">Carte Cadeau Canyoning<\/h2><div class=\"glsr glsr-default glsrw-loop-rating\" style=\"display: inline-block; margin: 0 auto;\">\n    <div class=\"glsr-star-rating glsr-stars\" role=\"img\" aria-label=\"Rated 5 out of 5 stars based on 2 ratings\" data-rating=\"5\" data-reviews=\"2\"><span class=\"glsr-star glsr-star-full\" aria-hidden=\"true\"><\/span><span class=\"glsr-star glsr-star-full\" aria-hidden=\"true\"><\/span><span class=\"glsr-star glsr-star-full\" aria-hidden=\"true\"><\/span><span class=\"glsr-star glsr-star-full\" aria-hidden=\"true\"><\/span><span class=\"glsr-star glsr-star-full\" aria-hidden=\"true\"><\/span><\/div><\/div>\n\t<span class=\"price\"><span class=\"woocommerce-Price-amount amount\" aria-hidden=\"true\"><bdi>45,00<span class=\"woocommerce-Price-currencySymbol\">&euro;<\/span><\/bdi><\/span> <span aria-hidden=\"true\">&ndash;<\/span> <span class=\"woocommerce-Price-amount amount\" aria-hidden=\"true\"><bdi>65,00<span class=\"woocommerce-Price-currencySymbol\">&euro;<\/span><\/bdi><\/span><span class=\"screen-reader-text\">Interval de preus: 45,00&euro; a 65,00&euro;<\/span><\/span>\n<\/a><a href=\"https:\/\/www1.inextremis-aventura.fr\/activites\/carte-cadeau-2025\/\" aria-describedby=\"woocommerce_loop_add_to_cart_link_describedby_11558\" data-quantity=\"1\" class=\"button product_type_variable add_to_cart_button \" data-product_id=\"11558\" data-product_sku=\"carte-cadeau-2025\" aria-label=\"Selecciona opcions per a &ldquo;Carte Cadeau Canyoning&rdquo;\" rel=\"nofollow\">Comprar targeta regal<\/a>\t<span id=\"woocommerce_loop_add_to_cart_link_describedby_11558\" class=\"screen-reader-text\">\n\t\tAquest producte t\u00e9 diverses variants. Les opcions es poden triar a la p\u00e0gina del producte\t<\/span>\n<\/li>\n<\/ul>\n<\/div>[\/vc_column][vc_column width=&#8221;1\/2&#8243;][\/vc_column][\/vc_row][vc_row][vc_column][vc_btn title=&#8221;Tots els barrancs !&#8221; style=&#8221;custom&#8221; custom_background=&#8221;#fb2056&#8243; custom_text=&#8221;#ffffff&#8221; shape=&#8221;square&#8221; align=&#8221;center&#8221; link=&#8221;url:https%3A%2F%2Fwww.inextremis-aventura.fr%2Factivites%2F|title:Activitats|&#8221;][\/vc_column][\/vc_row][vc_row][vc_column][vc_column_text css=&#8221;&#8221;]<\/p>\n<h2>Via Ferrata als Pirineus Orientals<\/h2>\n<h3><strong>3 cursos de Via Ferrata a Saint Paul de Fenouillet i 1 nou curs a Am\u00e9lie les Bains als Pirineus Orientals (66)<\/strong><\/h3>\n<p>La via ferrada \u00e9s una activitat emocionant que combina l&#8217;escalada i el senderisme, oferint una experi\u00e8ncia emocionant per als amants de l&#8217;aventura a l&#8217;aire lliure. Tant si ets un principiant que busca un repte o un escalador experimentat que busca noves sensacions, la via ferrada et porta a descobrir paisatges espectaculars alhora que et regala adrenalina.<br \/>\nImagineu-vos caminant per una paret de roca escarpada, aferrats a esglaons de metall i fent servir cables i ponts penjants per avan\u00e7ar. La via ferrada us permet aventurar-vos en llocs inaccessibles d&#8217;una altra manera, alhora que est\u00e0 assegurat per un sistema de l\u00ednia de vida cont\u00ednua. Podreu admirar panor\u00e0miques impressionants, penya-segats majestuosos i vistes impressionants de la natura que l&#8217;envolta.<br \/>\nTant si tries una via ferrada f\u00e0cil per a principiants com una via m\u00e9s t\u00e8cnica per a escaladors experimentats, t&#8217;acompanyaran guies experimentats que vetllaran per la teva seguretat i t&#8217;assessoraran durant tota l&#8217;activitat. Tamb\u00e9 et proporcionaran l&#8217;equipament necessari, com ara arn\u00e8s, casc i corda, perqu\u00e8 puguis gaudir plenament d&#8217;aquesta experi\u00e8ncia amb confian\u00e7a.<br \/>\nLa via ferrada \u00e9s una activitat ideal per a grups d&#8217;amics, fam\u00edlies o persones que busquen emocions. Ofereix una manera \u00fanica de desafiar els teus l\u00edmits f\u00edsics i mentals mentre connectes amb la natura. Tant si busqueu una aventura de mig dia com de dia sencer, la via ferrada promet una experi\u00e8ncia inoblidable i records perdurables.<br \/>\nPrepara&#8217;t per embarcar-te en una aventura vertical, posa a prova la teva agilitat i coratge i meravella&#8217;t amb la bellesa de les parets de roca. La via ferrada t&#8217;ofereix una oportunitat excepcional per superar els teus l\u00edmits i viure una experi\u00e8ncia \u00fanica, mentre et submergeixes de la grandesa de la natura.[\/vc_column_text]<div class=\"woocommerce columns-2 \"><ul class=\"products columns-2\">\n<li class=\"desktop-align-center tablet-align-left mobile-align-left ast-product-gallery-layout-horizontal ast-magnify-disabled product type-product post-11841 status-publish first instock product_cat-curs-diniciacio-via-ferrata product_cat-via-ferrata-ca product_tag-sant-paul-de-fenouillet product_tag-via-ferrata-ca has-post-thumbnail virtual purchasable product-type-appointment\">\n\t<a href=\"https:\/\/www1.inextremis-aventura.fr\/ca\/activitats\/via-ferrata-la-pichona-sant-pau-de-fenollet\/\" class=\"woocommerce-LoopProduct-link woocommerce-loop-product__link\"><div class=\"wpcbm-wrapper wpcbm-wrapper-archive-image\"><div class=\"wpcbm-badges wpcbm-badges-top-left wpcbm-badges-archive_image\"><div class=\"wpcbm-badge wpcbm-badge-10025 wpcbm-pid-11841 wpcbm-badge-style-04 wpcbm-badge-group-0 hint--top\" aria-label=\"\"><div class=\"wpcbm-badge-inner\">Niveau d\u00e9couverte - 8 ans<\/div><\/div><\/div><img loading=\"lazy\" decoding=\"async\" width=\"1000\" height=\"750\" src=\"https:\/\/www1.inextremis-aventura.fr\/wp-content\/uploads\/2023\/05\/via-ferrata-pichona-saint-paul-de-fenouillet-16-1000x750.jpg\" class=\"attachment-woocommerce_thumbnail size-woocommerce_thumbnail\" alt=\"Via Ferrata la Pichona - Saint Paul de Fenouillet\" srcset=\"https:\/\/www1.inextremis-aventura.fr\/wp-content\/uploads\/2023\/05\/via-ferrata-pichona-saint-paul-de-fenouillet-16-1000x750.jpg 1000w, https:\/\/www1.inextremis-aventura.fr\/wp-content\/uploads\/2023\/05\/via-ferrata-pichona-saint-paul-de-fenouillet-16-1400x1050.jpg 1400w, https:\/\/www1.inextremis-aventura.fr\/wp-content\/uploads\/2023\/05\/via-ferrata-pichona-saint-paul-de-fenouillet-16-300x225.jpg 300w, https:\/\/www1.inextremis-aventura.fr\/wp-content\/uploads\/2023\/05\/via-ferrata-pichona-saint-paul-de-fenouillet-16-1024x768.jpg 1024w, https:\/\/www1.inextremis-aventura.fr\/wp-content\/uploads\/2023\/05\/via-ferrata-pichona-saint-paul-de-fenouillet-16-768x576.jpg 768w, https:\/\/www1.inextremis-aventura.fr\/wp-content\/uploads\/2023\/05\/via-ferrata-pichona-saint-paul-de-fenouillet-16-1536x1152.jpg 1536w, https:\/\/www1.inextremis-aventura.fr\/wp-content\/uploads\/2023\/05\/via-ferrata-pichona-saint-paul-de-fenouillet-16.jpg 2048w\" sizes=\"auto, (max-width: 1000px) 100vw, 1000px\" \/><\/div><h2 class=\"woocommerce-loop-product__title\">Via Ferrata La Pichona &#8211; Sant Pau de Fenollet<\/h2><div class=\"glsr glsr-default glsrw-loop-rating\" style=\"display: inline-block; margin: 0 auto;\">\n    <div class=\"glsr-star-rating glsr-stars\" role=\"img\" aria-label=\"Rated 5 out of 5 stars based on 1 ratings\" data-rating=\"5\" data-reviews=\"1\"><span class=\"glsr-star glsr-star-full\" aria-hidden=\"true\"><\/span><span class=\"glsr-star glsr-star-full\" aria-hidden=\"true\"><\/span><span class=\"glsr-star glsr-star-full\" aria-hidden=\"true\"><\/span><span class=\"glsr-star glsr-star-full\" aria-hidden=\"true\"><\/span><span class=\"glsr-star glsr-star-full\" aria-hidden=\"true\"><\/span><\/div><\/div>\n\t<span class=\"price\">Tarifes redu\u00efdes de 35\u20ac a 30\u20ac <small class=\"duration\">2 hores<\/small><\/span>\n<\/a><a href=\"https:\/\/www1.inextremis-aventura.fr\/ca\/activitats\/via-ferrata-la-pichona-sant-pau-de-fenollet\/\" aria-describedby=\"woocommerce_loop_add_to_cart_link_describedby_11841\" data-quantity=\"1\" class=\"button product_type_appointment add_to_cart_button \" data-product_id=\"11841\" data-product_sku=\"vf-pichona-01\" aria-label=\"M\u00e9s informaci\u00f3 sobre &ldquo;Via Ferrata La Pichona - Sant Pau de Fenollet&rdquo;\" rel=\"nofollow\">Reservar<\/a>\t<span id=\"woocommerce_loop_add_to_cart_link_describedby_11841\" class=\"screen-reader-text\">\n\t\t\t<\/span>\n<\/li>\n<li class=\"desktop-align-center tablet-align-left mobile-align-left ast-product-gallery-layout-horizontal ast-magnify-disabled product type-product post-11835 status-publish last instock product_cat-curs-mitja-via-ferrata product_cat-via-ferrata-ca product_tag-sant-paul-de-fenouillet product_tag-via-ferrata-ca has-post-thumbnail virtual purchasable product-type-appointment\">\n\t<a href=\"https:\/\/www1.inextremis-aventura.fr\/ca\/activitats\/via-ferrata-intermedia-sant-pau-de-fenollet\/\" class=\"woocommerce-LoopProduct-link woocommerce-loop-product__link\"><div class=\"wpcbm-wrapper wpcbm-wrapper-archive-image\"><div class=\"wpcbm-badges wpcbm-badges-top-left wpcbm-badges-archive_image\"><div class=\"wpcbm-badge wpcbm-badge-10027 wpcbm-pid-11835 wpcbm-badge-style-04 wpcbm-badge-group-0 hint--top\" aria-label=\"\"><div class=\"wpcbm-badge-inner\">Niveau interm\u00e9diaire - 12 ans<\/div><\/div><\/div><img loading=\"lazy\" decoding=\"async\" width=\"1000\" height=\"750\" src=\"https:\/\/www1.inextremis-aventura.fr\/wp-content\/uploads\/2023\/05\/via-ferrata-intremediaire-saint-paul-de-fenouillet-19-1000x750.jpg\" class=\"attachment-woocommerce_thumbnail size-woocommerce_thumbnail\" alt=\"Via Ferrata L&#039;Interm\u00e9diaire - Saint Paul de Fenouillet - Pyr\u00e9n\u00e9es Orientales\" srcset=\"https:\/\/www1.inextremis-aventura.fr\/wp-content\/uploads\/2023\/05\/via-ferrata-intremediaire-saint-paul-de-fenouillet-19-1000x750.jpg 1000w, https:\/\/www1.inextremis-aventura.fr\/wp-content\/uploads\/2023\/05\/via-ferrata-intremediaire-saint-paul-de-fenouillet-19.jpg 1400w\" sizes=\"auto, (max-width: 1000px) 100vw, 1000px\" \/><\/div><h2 class=\"woocommerce-loop-product__title\">Via Ferrata L&#8217;Intermedia &#8211; Sant Pau de Fenollet<\/h2><div class=\"glsr glsr-default glsrw-loop-rating\" style=\"display: inline-block; margin: 0 auto;\">\n    <div class=\"glsr-star-rating glsr-stars\" role=\"img\" aria-label=\"Rated 5 out of 5 stars based on 1 ratings\" data-rating=\"5\" data-reviews=\"1\"><span class=\"glsr-star glsr-star-full\" aria-hidden=\"true\"><\/span><span class=\"glsr-star glsr-star-full\" aria-hidden=\"true\"><\/span><span class=\"glsr-star glsr-star-full\" aria-hidden=\"true\"><\/span><span class=\"glsr-star glsr-star-full\" aria-hidden=\"true\"><\/span><span class=\"glsr-star glsr-star-full\" aria-hidden=\"true\"><\/span><\/div><\/div>\n\t<span class=\"price\">Preus decreixents de 40\u20ac a 35\u20ac <small class=\"duration\">3 hores<\/small><\/span>\n<\/a><a href=\"https:\/\/www1.inextremis-aventura.fr\/ca\/activitats\/via-ferrata-intermedia-sant-pau-de-fenollet\/\" aria-describedby=\"woocommerce_loop_add_to_cart_link_describedby_11835\" data-quantity=\"1\" class=\"button product_type_appointment add_to_cart_button \" data-product_id=\"11835\" data-product_sku=\"vf-intermediaire-01\" aria-label=\"M\u00e9s informaci\u00f3 sobre &ldquo;Via Ferrata L&#039;Intermedia - Sant Pau de Fenollet&rdquo;\" rel=\"nofollow\">Reservar<\/a>\t<span id=\"woocommerce_loop_add_to_cart_link_describedby_11835\" class=\"screen-reader-text\">\n\t\t\t<\/span>\n<\/li>\n<li class=\"desktop-align-center tablet-align-left mobile-align-left ast-product-gallery-layout-horizontal ast-product-gallery-with-no-image ast-magnify-disabled product type-product post-11927 status-publish first instock product_cat-curs-esportiu product_cat-via-ferrata-ca product_tag-sant-paul-de-fenouillet product_tag-via-ferrata-ca has-post-thumbnail virtual purchasable product-type-appointment\">\n\t<a href=\"https:\/\/www1.inextremis-aventura.fr\/ca\/activitats\/via-ferrata-la-panoramica\/\" class=\"woocommerce-LoopProduct-link woocommerce-loop-product__link\"><div class=\"wpcbm-wrapper wpcbm-wrapper-archive-image\"><div class=\"wpcbm-badges wpcbm-badges-top-left wpcbm-badges-archive_image\"><div class=\"wpcbm-badge wpcbm-badge-10037 wpcbm-pid-11927 wpcbm-badge-style-04 wpcbm-badge-group-0 hint--top\" aria-label=\"\"><div class=\"wpcbm-badge-inner\">Niveau sportif - 14 ans<\/div><\/div><\/div><img loading=\"lazy\" decoding=\"async\" width=\"1000\" height=\"750\" src=\"https:\/\/www1.inextremis-aventura.fr\/wp-content\/uploads\/2023\/06\/via-ferrata-panoramique-saint-paul-de-fenouillet-08-e1686123156102-1000x750.jpg\" class=\"attachment-woocommerce_thumbnail size-woocommerce_thumbnail\" alt=\"Via Ferrata La Panoramique - Saint Paul de Fenouillet - Pyrenees Orientales\" srcset=\"https:\/\/www1.inextremis-aventura.fr\/wp-content\/uploads\/2023\/06\/via-ferrata-panoramique-saint-paul-de-fenouillet-08-e1686123156102-1000x750.jpg 1000w, https:\/\/www1.inextremis-aventura.fr\/wp-content\/uploads\/2023\/06\/via-ferrata-panoramique-saint-paul-de-fenouillet-08-e1686123156102-1400x1050.jpg 1400w, https:\/\/www1.inextremis-aventura.fr\/wp-content\/uploads\/2023\/06\/via-ferrata-panoramique-saint-paul-de-fenouillet-08-e1686123156102-300x225.jpg 300w, https:\/\/www1.inextremis-aventura.fr\/wp-content\/uploads\/2023\/06\/via-ferrata-panoramique-saint-paul-de-fenouillet-08-e1686123156102-1024x768.jpg 1024w, https:\/\/www1.inextremis-aventura.fr\/wp-content\/uploads\/2023\/06\/via-ferrata-panoramique-saint-paul-de-fenouillet-08-e1686123156102-768x576.jpg 768w, https:\/\/www1.inextremis-aventura.fr\/wp-content\/uploads\/2023\/06\/via-ferrata-panoramique-saint-paul-de-fenouillet-08-e1686123156102.jpg 2048w\" sizes=\"auto, (max-width: 1000px) 100vw, 1000px\" \/><\/div><h2 class=\"woocommerce-loop-product__title\">Via Ferrata La Panoramica- Sant Pau de Fenollet &#8211; Pirineus Orientals<\/h2><div class=\"glsr glsr-default glsrw-loop-rating\" style=\"display: inline-block; margin: 0 auto;\">\n    <div class=\"glsr-star-rating glsr-stars\" role=\"img\" aria-label=\"Rated 5 out of 5 stars based on 1 ratings\" data-rating=\"5\" data-reviews=\"1\"><span class=\"glsr-star glsr-star-full\" aria-hidden=\"true\"><\/span><span class=\"glsr-star glsr-star-full\" aria-hidden=\"true\"><\/span><span class=\"glsr-star glsr-star-full\" aria-hidden=\"true\"><\/span><span class=\"glsr-star glsr-star-full\" aria-hidden=\"true\"><\/span><span class=\"glsr-star glsr-star-full\" aria-hidden=\"true\"><\/span><\/div><\/div>\n\t<span class=\"price\">Preus decreixents de 55 \u00e0 49 \u20ac <small class=\"duration\">4 hores<\/small><\/span>\n<\/a><a href=\"https:\/\/www1.inextremis-aventura.fr\/ca\/activitats\/via-ferrata-la-panoramica\/\" aria-describedby=\"woocommerce_loop_add_to_cart_link_describedby_11927\" data-quantity=\"1\" class=\"button product_type_appointment add_to_cart_button \" data-product_id=\"11927\" data-product_sku=\"vf-panoramique-01\" aria-label=\"M\u00e9s informaci\u00f3 sobre &ldquo;Via Ferrata La Panoramica- Sant Pau de Fenollet - Pirineus Orientals&rdquo;\" rel=\"nofollow\">Reservar<\/a>\t<span id=\"woocommerce_loop_add_to_cart_link_describedby_11927\" class=\"screen-reader-text\">\n\t\t\t<\/span>\n<\/li>\n<\/ul>\n<\/div>[\/vc_column][\/vc_row][vc_row][vc_column][vc_column_text css=&#8221;&#8221;]<\/p>\n<h3>Allotjament preferit als Pirineus Orientals<\/h3>\n<p><strong>Cabanes dels arbres a Prats de Mollo la Preste.<\/strong>[\/vc_column_text][\/vc_column][\/vc_row][vc_row][vc_column width=&#8221;1\/2&#8243;][vc_column_text css=&#8221;&#8221;]<\/p>\n<h4><img loading=\"lazy\" decoding=\"async\" class=\"aligncenter wp-image-7074 size-full\" src=\"https:\/\/www.inextremis-aventura.fr\/wp-content\/uploads\/2022\/06\/ExternalLink_domaine-oz-arbres-cabane-sequoia-05.jpg\" alt=\"Cabanes dans les arbres - Domaine Oz'arbres\" width=\"888\" height=\"664\" srcset=\"https:\/\/www1.inextremis-aventura.fr\/wp-content\/uploads\/2022\/06\/ExternalLink_domaine-oz-arbres-cabane-sequoia-05.jpg 888w, https:\/\/www1.inextremis-aventura.fr\/wp-content\/uploads\/2022\/06\/ExternalLink_domaine-oz-arbres-cabane-sequoia-05-100x75.jpg 100w, https:\/\/www1.inextremis-aventura.fr\/wp-content\/uploads\/2022\/06\/ExternalLink_domaine-oz-arbres-cabane-sequoia-05-300x224.jpg 300w, https:\/\/www1.inextremis-aventura.fr\/wp-content\/uploads\/2022\/06\/ExternalLink_domaine-oz-arbres-cabane-sequoia-05-768x574.jpg 768w\" sizes=\"auto, (max-width: 888px) 100vw, 888px\" \/>Cabanes dels arbres als Pirineus Orientals<\/h4>\n<p>[\/vc_column_text][vc_column_text css=&#8221;&#8221;]<strong>Un altre desig de natura&#8230;<\/strong><br \/>\nDespr\u00e9s de la vostra excursi\u00f3 en barranquisme al Vallespir, us proposem descobrir uns allotjaments ins\u00f2lits una mica m\u00e9s amunt a la vall del Tech, al cor d&#8217;un bosc nacional de Prats de Mollo la Preste&#8230;<br \/>\n[\/vc_column_text][vc_btn title=&#8221;+ de d\u00e9tails&#8221; style=&#8221;custom&#8221; custom_background=&#8221;#fb2056&#8243; custom_text=&#8221;#ffffff&#8221; shape=&#8221;square&#8221; align=&#8221;center&#8221; link=&#8221;url:https%3A%2F%2Fwww.domaineozarbres.fr%2F|title:Activitats|target:_blank|&#8221;][\/vc_column][vc_column width=&#8221;1\/2&#8243;][vc_column_text css=&#8221;&#8221;]<\/p>\n<h3><span class=\"\">Novetat d&#8217;enguany<\/span><\/h3>\n<p>Lloguer d&#8217;equipaments per a la Via Ferrata d&#8217;Am\u00e9lie les Bains[\/vc_column_text]<div class=\"woocommerce columns-1 \"><ul class=\"products columns-1\">\n<li class=\"desktop-align-center tablet-align-left mobile-align-left ast-product-gallery-layout-horizontal ast-product-gallery-with-no-image ast-magnify-disabled product type-product post-11853 status-publish first instock product_cat-lloguer-equips product_cat-via-ferrata-ca product_tag-amelie-les-bains-ca has-post-thumbnail virtual sold-individually purchasable product-type-appointment\">\n\t<a href=\"https:\/\/www1.inextremis-aventura.fr\/ca\/activitats\/lloguer-dequips-de-via-ferrata\/\" class=\"woocommerce-LoopProduct-link woocommerce-loop-product__link\"><div class=\"wpcbm-wrapper wpcbm-wrapper-archive-image\"><img loading=\"lazy\" decoding=\"async\" width=\"1000\" height=\"750\" src=\"https:\/\/www1.inextremis-aventura.fr\/wp-content\/uploads\/2024\/10\/location-materiel-via-ferrata-amelie-les-bains-1000x750.jpg\" class=\"attachment-woocommerce_thumbnail size-woocommerce_thumbnail\" alt=\"Location Mat\u00e9riel Via Ferrata Am\u00e9lie les Bains\" srcset=\"https:\/\/www1.inextremis-aventura.fr\/wp-content\/uploads\/2024\/10\/location-materiel-via-ferrata-amelie-les-bains-1000x750.jpg 1000w, https:\/\/www1.inextremis-aventura.fr\/wp-content\/uploads\/2024\/10\/location-materiel-via-ferrata-amelie-les-bains-300x225.jpg 300w, https:\/\/www1.inextremis-aventura.fr\/wp-content\/uploads\/2024\/10\/location-materiel-via-ferrata-amelie-les-bains-1024x768.jpg 1024w, https:\/\/www1.inextremis-aventura.fr\/wp-content\/uploads\/2024\/10\/location-materiel-via-ferrata-amelie-les-bains-768x576.jpg 768w, https:\/\/www1.inextremis-aventura.fr\/wp-content\/uploads\/2024\/10\/location-materiel-via-ferrata-amelie-les-bains.jpg 1400w\" sizes=\"auto, (max-width: 1000px) 100vw, 1000px\" \/><\/div><h2 class=\"woocommerce-loop-product__title\">Lloguer d&#8217;equips de Via Ferrata<\/h2><div class=\"glsr glsr-default glsrw-loop-rating\" style=\"display: inline-block; margin: 0 auto;\">\n    <div class=\"glsr-star-rating glsr-stars\" role=\"img\" aria-label=\"Rated 5 out of 5 stars based on 2 ratings\" data-rating=\"5\" data-reviews=\"2\"><span class=\"glsr-star glsr-star-full\" aria-hidden=\"true\"><\/span><span class=\"glsr-star glsr-star-full\" aria-hidden=\"true\"><\/span><span class=\"glsr-star glsr-star-full\" aria-hidden=\"true\"><\/span><span class=\"glsr-star glsr-star-full\" aria-hidden=\"true\"><\/span><span class=\"glsr-star glsr-star-full\" aria-hidden=\"true\"><\/span><\/div><\/div>\n\t<span class=\"price\">A partir de 16 \u20ac <small class=\"duration\">4 hores<\/small><\/span>\n<\/a><a href=\"https:\/\/www1.inextremis-aventura.fr\/ca\/activitats\/lloguer-dequips-de-via-ferrata\/\" aria-describedby=\"woocommerce_loop_add_to_cart_link_describedby_11853\" data-quantity=\"1\" class=\"button product_type_appointment add_to_cart_button \" data-product_id=\"11853\" data-product_sku=\"\" aria-label=\"M\u00e9s informaci\u00f3 sobre &ldquo;Lloguer d&#039;equips de Via Ferrata&rdquo;\" rel=\"nofollow\">Reservar<\/a>\t<span id=\"woocommerce_loop_add_to_cart_link_describedby_11853\" class=\"screen-reader-text\">\n\t\t\t<\/span>\n<\/li>\n<\/ul>\n<\/div>[\/vc_column][\/vc_row]<\/p>\n<\/div>","protected":false},"excerpt":{"rendered":"<p>[vc_row full_width=&#8221;stretch_row_content_no_spaces&#8221; content_placement=&#8221;middle&#8221; css=&#8221;.vc_custom_1669811282596{background-color: #fb2056 !important;}&#8221; el_class=&#8221;barre&#8221;][vc_column width=&#8221;1\/4&#8243; offset=&#8221;vc_hidden-sm vc_hidden-xs&#8221;][vc_column_text css=&#8221;.vc_custom_1673177552935{margin-left: 20px !important;}&#8221;] Contacta amb nosaltres ! !\u00a0[\/vc_column_text][\/vc_column][vc_column width=&#8221;1\/4&#8243; offset=&#8221;vc_col-sm-offset-0 vc_hidden-sm vc_hidden-xs&#8221;][vc_column_text]\u260f +33 9 80 850 565[\/vc_column_text][\/vc_column][vc_column width=&#8221;1\/4&#8243;][vc_column_text css=&#8221;.vc_custom_1670693987954{margin-left: 20px !important;}&#8221;] 06 29 56 40 36[\/vc_column_text][\/vc_column][vc_column width=&#8221;1\/4&#8243; offset=&#8221;vc_col-sm-offset-0 vc_hidden-sm vc_hidden-xs&#8221;][vc_column_text] Nos Locaux[\/vc_column_text][\/vc_column][\/vc_row][vc_row][vc_column][vc_column_text css=&#8221;&#8221; el_class=&#8221;product_title&#8221;] Baranquisme Pirineus Orientals [\/vc_column_text][vc_column_text css=&#8221;&#8221;]Barranquisme per a tothom, nens, adolescents, adults [&hellip;]<\/p>\n","protected":false},"author":1,"featured_media":11534,"parent":0,"menu_order":0,"comment_status":"closed","ping_status":"closed","template":"","meta":{"_acf_changed":false,"_seopress_robots_primary_cat":"","_seopress_titles_title":"Barranquisme Pirineus Orientals (Fran\u00e7a) - Inextremis Aventura","_seopress_titles_desc":"Barranquisme per a tots, nens, adolescents, adults als Pirineus Orientals (66) amb guies instructors de barrancs d'Inextremis Aventura amb diplomes de l'estat franc\u00e8s","_seopress_robots_index":"","site-sidebar-layout":"no-sidebar","site-content-layout":"page-builder","ast-site-content-layout":"full-width-container","site-content-style":"unboxed","site-sidebar-style":"unboxed","ast-global-header-display":"","ast-banner-title-visibility":"","ast-main-header-display":"","ast-hfb-above-header-display":"","ast-hfb-below-header-display":"","ast-hfb-mobile-header-display":"","site-post-title":"disabled","ast-breadcrumbs-content":"","ast-featured-img":"disabled","footer-sml-layout":"","ast-disable-related-posts":"","theme-transparent-header-meta":"default","adv-header-id-meta":"","stick-header-meta":"default","header-above-stick-meta":"","header-main-stick-meta":"on","header-below-stick-meta":"","astra-migrate-meta-layouts":"set","ast-page-background-enabled":"default","ast-page-background-meta":{"desktop":{"background-color":"var(--ast-global-color-4)","background-image":"","background-repeat":"repeat","background-position":"center center","background-size":"auto","background-attachment":"scroll","background-type":"","background-media":"","overlay-type":"","overlay-color":"","overlay-opacity":"","overlay-gradient":""},"tablet":{"background-color":"","background-image":"","background-repeat":"repeat","background-position":"center center","background-size":"auto","background-attachment":"scroll","background-type":"","background-media":"","overlay-type":"","overlay-color":"","overlay-opacity":"","overlay-gradient":""},"mobile":{"background-color":"","background-image":"","background-repeat":"repeat","background-position":"center center","background-size":"auto","background-attachment":"scroll","background-type":"","background-media":"","overlay-type":"","overlay-color":"","overlay-opacity":"","overlay-gradient":""}},"ast-content-background-meta":{"desktop":{"background-color":"var(--ast-global-color-5)","background-image":"","background-repeat":"repeat","background-position":"center center","background-size":"auto","background-attachment":"scroll","background-type":"","background-media":"","overlay-type":"","overlay-color":"","overlay-opacity":"","overlay-gradient":""},"tablet":{"background-color":"var(--ast-global-color-5)","background-image":"","background-repeat":"repeat","background-position":"center center","background-size":"auto","background-attachment":"scroll","background-type":"","background-media":"","overlay-type":"","overlay-color":"","overlay-opacity":"","overlay-gradient":""},"mobile":{"background-color":"var(--ast-global-color-5)","background-image":"","background-repeat":"repeat","background-position":"center center","background-size":"auto","background-attachment":"scroll","background-type":"","background-media":"","overlay-type":"","overlay-color":"","overlay-opacity":"","overlay-gradient":""}},"_glsr_average":0,"_glsr_ranking":0,"_glsr_reviews":0,"footnotes":""},"categories":[],"tags":[],"class_list":["post-806","page","type-page","status-publish","has-post-thumbnail","hentry"],"acf":[],"_links":{"self":[{"href":"https:\/\/www1.inextremis-aventura.fr\/ca\/wp-json\/wp\/v2\/pages\/806","targetHints":{"allow":["GET"]}}],"collection":[{"href":"https:\/\/www1.inextremis-aventura.fr\/ca\/wp-json\/wp\/v2\/pages"}],"about":[{"href":"https:\/\/www1.inextremis-aventura.fr\/ca\/wp-json\/wp\/v2\/types\/page"}],"author":[{"embeddable":true,"href":"https:\/\/www1.inextremis-aventura.fr\/ca\/wp-json\/wp\/v2\/users\/1"}],"replies":[{"embeddable":true,"href":"https:\/\/www1.inextremis-aventura.fr\/ca\/wp-json\/wp\/v2\/comments?post=806"}],"version-history":[{"count":8,"href":"https:\/\/www1.inextremis-aventura.fr\/ca\/wp-json\/wp\/v2\/pages\/806\/revisions"}],"predecessor-version":[{"id":12159,"href":"https:\/\/www1.inextremis-aventura.fr\/ca\/wp-json\/wp\/v2\/pages\/806\/revisions\/12159"}],"wp:featuredmedia":[{"embeddable":true,"href":"https:\/\/www1.inextremis-aventura.fr\/ca\/wp-json\/wp\/v2\/media\/11534"}],"wp:attachment":[{"href":"https:\/\/www1.inextremis-aventura.fr\/ca\/wp-json\/wp\/v2\/media?parent=806"}],"wp:term":[{"taxonomy":"category","embeddable":true,"href":"https:\/\/www1.inextremis-aventura.fr\/ca\/wp-json\/wp\/v2\/categories?post=806"},{"taxonomy":"post_tag","embeddable":true,"href":"https:\/\/www1.inextremis-aventura.fr\/ca\/wp-json\/wp\/v2\/tags?post=806"}],"curies":[{"name":"wp","href":"https:\/\/api.w.org\/{rel}","templated":true}]}}