{"id":809,"date":"2021-01-27T18:25:10","date_gmt":"2021-01-27T17:25:10","guid":{"rendered":"https:\/\/www.inextremis-aventura.fr\/home\/"},"modified":"2025-02-08T12:38:19","modified_gmt":"2025-02-08T11:38:19","slug":"home","status":"publish","type":"page","link":"https:\/\/www1.inextremis-aventura.fr\/en\/","title":{"rendered":"Pyrenees Orientales Canyoning"},"content":{"rendered":"<div class=\"wpb-content-wrapper\"><p>[vc_row full_width=&#8221;stretch_row_content_no_spaces&#8221; content_placement=&#8221;middle&#8221; css=&#8221;.vc_custom_1669811282596{background-color: #fb2056 !important;}&#8221; el_class=&#8221;barre&#8221;][vc_column width=&#8221;1\/4&#8243; offset=&#8221;vc_hidden-sm vc_hidden-xs&#8221;][vc_column_text css=&#8221;.vc_custom_1735034827829{margin-left: 20px !important;}&#8221;]<strong><a href=\"https:\/\/www.inextremis-aventura.fr\/en\/contact-us\/\"><img loading=\"lazy\" decoding=\"async\" title=\"Contact-us !\" src=\"https:\/\/www.inextremis-aventura.fr\/wp-content\/uploads\/2014\/03\/contact.png\" alt=\"Contact-us !\" width=\"25\" height=\"15\" \/> Contact-us !<\/a><\/strong>[\/vc_column_text][\/vc_column][vc_column width=&#8221;1\/4&#8243; offset=&#8221;vc_col-sm-offset-0 vc_hidden-sm vc_hidden-xs&#8221;][vc_column_text]<strong>\u260f +33 9 80 850 565<\/strong>[\/vc_column_text][\/vc_column][vc_column width=&#8221;1\/4&#8243;][vc_column_text css=&#8221;.vc_custom_1735034888896{margin-left: 20px !important;}&#8221;]<strong><img loading=\"lazy\" decoding=\"async\" class=\"alignnone wp-image-8213\" src=\"https:\/\/www.inextremis-aventura.fr\/wp-content\/uploads\/2022\/12\/icone-mobile.png\" alt=\"+33629564036\" width=\"15\" height=\"25\" \/> +33 629 564 036<\/strong>[\/vc_column_text][\/vc_column][vc_column width=&#8221;1\/4&#8243; offset=&#8221;vc_col-sm-offset-0 vc_hidden-sm vc_hidden-xs&#8221;][vc_column_text]<strong><a href=\"https:\/\/goo.gl\/maps\/sMFNHoxDRmRGMJAB9\" target=\"_blank\" rel=\"noopener\"><img loading=\"lazy\" decoding=\"async\" class=\"alignnone wp-image-8229\" title=\"Locaux Inextremis Aventura\" src=\"https:\/\/www.inextremis-aventura.fr\/wp-content\/uploads\/2022\/12\/icone-place.png\" alt=\"Locaux Inextremis Aventura\" width=\"22\" height=\"25\" srcset=\"https:\/\/www1.inextremis-aventura.fr\/wp-content\/uploads\/2022\/12\/icone-place.png 56w, https:\/\/www1.inextremis-aventura.fr\/wp-content\/uploads\/2022\/12\/icone-place-50x56.png 50w\" sizes=\"auto, (max-width: 22px) 100vw, 22px\" \/> Nos Locaux<\/a><\/strong>[\/vc_column_text][\/vc_column][\/vc_row][vc_row][vc_column][vc_column_text css=&#8221;&#8221; el_class=&#8221;product_title&#8221;]<\/p>\n<h1 class=\"product_title entry-title\">Pyrenees Orientals Canyoning<\/h1>\n<p>[\/vc_column_text][vc_column_text css=&#8221;&#8221;]<strong>Canyoning for everyone, children, teenagers, adults in the Eastern Pyrenees (66) of the Occitanie region with French state-certified canyon instructor guides from Inextremis Aventura.<\/strong>[\/vc_column_text][vc_column_text css=&#8221;&#8221;]Canyoning in the Orientals Pyrenees (66) at the canyons of Gourg des Anelles and Cascades de Baoussous in C\u00e9ret, at the Canyon du Mas Calsan in Reyn\u00e8s, at the canyon du Llech near Prades, and for children at the Gorges du Terme lower in Am\u00e9lie les Baths and the Galamus Gorges in Saint Paul de Fenouillet, The Canyon Monitor Guides of Inextremis Aventura specialists and pioneers of activity, have been organizing and supervising canyon descents in the Eastern Pyrenees since 1988.[\/vc_column_text][vc_column_text css=&#8221;&#8221;]Canyoning is a thrilling adventure that allows you to discover breathtaking natural landscapes while taking on exciting challenges. Whether you&#8217;re an adrenaline seeker or simply want to explore the beauty of the gorges, canyoning offers a one-of-a-kind experience.<\/p>\n<p>Imagine abseiling down sparkling waterfalls, jumping into crystal-clear natural pools, sliding down natural rock-carved slides and swimming in rushing rivers. Canyoning combines hiking, climbing, swimming and exploring, providing a complete adventure that appeals to your courage and adventurous spirit.<\/p>\n<p>[\/vc_column_text][\/vc_column][\/vc_row][vc_row][vc_column][vc_column_text css=&#8221;&#8221;]<\/p>\n<h2>Canyoning in the Eastern Pyrenees<\/h2>\n<p><strong>Canyons of different levels, jumps, slides, waterfall rappels, white water swimming.<\/strong><br \/>\nWhether you are a beginner or experienced, there are courses suitable for all skill levels. Our experienced French state-certified guides, pioneers of the activity in the Eastern Pyrenees, will accompany you and provide you with the necessary equipment to ensure your safety throughout the activity. They will also share their knowledge of the local geology, fauna and flora, allowing you to better appreciate your natural surroundings.<br \/>\nCanyoning is an ideal activity for groups of friends, families or outdoor enthusiasts looking for a memorable experience. Whether for half a day or a full day, canyoning offers you an immersive adventure in the heart of nature, allowing you to create unforgettable memories.<br \/>\nGet ready to push your limits, overcome your fears and marvel at the power of nature. Canyoning is a unique experience that will allow you to experience the excitement, beauty and serenity of the gorges in a way you will never forget.[\/vc_column_text][\/vc_column][\/vc_row][vc_row][vc_column width=&#8221;1\/2&#8243;][vc_column_text css=&#8221;&#8221;]<\/p>\n<h3>Canyon to do right now in 66 !<\/h3>\n<p>[\/vc_column_text]<div class=\"woocommerce columns-1 \"><ul class=\"products columns-1\">\n<li class=\"desktop-align-center tablet-align-left mobile-align-left ast-product-gallery-layout-horizontal ast-magnify-disabled product type-product post-805 status-publish first instock product_cat-canyoning-sport product_cat-intermediate product_tag-conflent-en product_tag-half-day product_tag-hot-water product_tag-november-april product_tag-thues-entre-valls-en has-post-thumbnail virtual purchasable product-type-appointment\">\n\t<a href=\"https:\/\/www1.inextremis-aventura.fr\/en\/activities\/hot-water-canyoning-off-thues-entre-valls\/\" class=\"woocommerce-LoopProduct-link woocommerce-loop-product__link\"><div class=\"wpcbm-wrapper wpcbm-wrapper-archive-image\"><div class=\"wpcbm-badges wpcbm-badges-top-left wpcbm-badges-archive_image\"><div class=\"wpcbm-badge wpcbm-badge-10027 wpcbm-pid-805 wpcbm-badge-style-04 wpcbm-badge-group-0 hint--top\" aria-label=\"\"><div class=\"wpcbm-badge-inner\">Niveau interm\u00e9diaire - 12 ans<\/div><\/div><\/div><div class=\"wpcbm-badges wpcbm-badges-bottom-left wpcbm-badges-archive_image\"><div class=\"wpcbm-badge wpcbm-badge-10067 wpcbm-pid-805 wpcbm-badge-style-04 wpcbm-badge-group-0 hint--bottom\" aria-label=\"\"><div class=\"wpcbm-badge-inner\">Novembre\/Mars<\/div><\/div><\/div><img loading=\"lazy\" decoding=\"async\" width=\"1000\" height=\"750\" src=\"https:\/\/www1.inextremis-aventura.fr\/wp-content\/uploads\/2021\/11\/canyon-eau-chaude-thues-01.webp\" class=\"attachment-woocommerce_thumbnail size-woocommerce_thumbnail\" alt=\"Hot water canyon of Thues Entre Valls - Canyoning in winter - Pyrenees Orientales\" srcset=\"https:\/\/www1.inextremis-aventura.fr\/wp-content\/uploads\/2021\/11\/canyon-eau-chaude-thues-01.webp 1000w, https:\/\/www1.inextremis-aventura.fr\/wp-content\/uploads\/2021\/11\/canyon-eau-chaude-thues-01-100x75.webp 100w\" sizes=\"auto, (max-width: 1000px) 100vw, 1000px\" \/><\/div><h2 class=\"woocommerce-loop-product__title\">Hot water canyon of Thues Entre Valls &#8211; Canyoning in winter<\/h2><div class=\"glsr glsr-default glsrw-loop-rating\" style=\"display: inline-block; margin: 0 auto;\">\n    <div class=\"glsr-star-rating glsr-stars\" role=\"img\" aria-label=\"Rated 4 out of 5 stars based on 3 ratings\" data-rating=\"4\" data-reviews=\"3\"><span class=\"glsr-star glsr-star-full\" aria-hidden=\"true\"><\/span><span class=\"glsr-star glsr-star-full\" aria-hidden=\"true\"><\/span><span class=\"glsr-star glsr-star-full\" aria-hidden=\"true\"><\/span><span class=\"glsr-star glsr-star-full\" aria-hidden=\"true\"><\/span><span class=\"glsr-star glsr-star-empty\" aria-hidden=\"true\"><\/span><\/div><\/div>\n\t<span class=\"price\">Decreasing prices from 55 to 49 \u20ac <small class=\"duration\">4 hours<\/small><\/span>\n<\/a><a href=\"https:\/\/www1.inextremis-aventura.fr\/en\/activities\/hot-water-canyoning-off-thues-entre-valls\/\" aria-describedby=\"woocommerce_loop_add_to_cart_link_describedby_805\" data-quantity=\"1\" class=\"button product_type_appointment add_to_cart_button \" data-product_id=\"805\" data-product_sku=\"thues-01\" aria-label=\"Read more about &ldquo;Hot water canyon of Thues Entre Valls - Canyoning in winter&rdquo;\" rel=\"nofollow\">Book<\/a>\t<span id=\"woocommerce_loop_add_to_cart_link_describedby_805\" class=\"screen-reader-text\">\n\t\t\t<\/span>\n<\/li>\n<\/ul>\n<\/div>[\/vc_column][vc_column width=&#8221;1\/2&#8243;][vc_column_text css=&#8221;.vc_custom_1735035216450{padding-top: 10px !important;padding-right: 10px !important;padding-bottom: 10px !important;padding-left: 10px !important;background-color: #00b220 !important;}&#8221; el_class=&#8221;blanc&#8221;]<\/p>\n<h3>Where to go canyoning in the Pyr\u00e9n\u00e9es-Orientales?<\/h3>\n<p><strong><a href=\"https:\/\/www1.inextremis-aventura.fr\/activites\/canyoning-gorges-du-terme-inferieur-amelie-les-bains\/\">Canyon Terme inf\u00e9rieur &#8211; Am\u00e9lie les Bains &#8211; Vallespir : v1a2I<\/a><\/strong><br \/>\n<strong><a href=\"https:\/\/www1.inextremis-aventura.fr\/activites\/canyoning-gorges-de-galamus-saint-paul-de-fenouillet\/\">Canyon de Galamus \u2013 Saint-Paul-de-Fenouillet &#8211; Agly-Fenouill\u00e8des : v1a3III<\/a><\/strong><br \/>\n<strong><a href=\"https:\/\/www1.inextremis-aventura.fr\/activites\/canyoning-molitg\/\">Canyon de Molitg \u2013 Molitg-les-bains &#8211; Conflent &#8211; Conflent : v3a3II<\/a><\/strong><br \/>\n<strong><a href=\"https:\/\/www1.inextremis-aventura.fr\/activites\/canyoning-cascades-de-baoussous-ceret\/\">Canyon de Baoussous \u2013 C\u00e9ret &#8211; Vallespir : v3a2II<\/a><\/strong><br \/>\n<strong><a href=\"https:\/\/www1.inextremis-aventura.fr\/activites\/canyoning-eaux-chaudes-de-thues-entre-valls\/\"><strong>Canyon d&#8217;eau chaude la Fageda &#8211; Thu\u00e8s Entre Valls &#8211; Conflent (seul canyon ouvert en hiver) : v3a2II<\/strong><\/a><\/strong><br \/>\n<strong><a href=\"https:\/\/www1.inextremis-aventura.fr\/activites\/canyoning-gourg-des-anelles-a-ceret\/\">Canyon du Gourg des Anelles \u2013 C\u00e9ret &#8211; Vallespir : v3a4II<\/a><\/strong><br \/>\n<strong><a href=\"https:\/\/www1.inextremis-aventura.fr\/activites\/canyoning-mas-calsan-pyrenees-orientales\/\">Canyon Mas Calsan (Cal sant) &#8211; Reyn\u00e8s &#8211; Vallespir : v3a3II<\/a><\/strong><br \/>\n<strong><a href=\"https:\/\/www1.inextremis-aventura.fr\/activites\/canyoning-gorges-du-terme-superieur\/\">Canyon Salt del Pi &#8211; Am\u00e9lie les Bains &#8211; Vallespir : v3a2III (ferm\u00e9)<\/a><\/strong><br \/>\n<strong><a href=\"https:\/\/www1.inextremis-aventura.fr\/activites\/canyoning-salt-maria-valenta\/\">Canyon Salt de Maria Valenta &#8211; Arles sur Tech &#8211; Vallespir : v4a4IV (Ferm\u00e9)<\/a><\/strong><br \/>\n<strong><a href=\"https:\/\/www1.inextremis-aventura.fr\/activites\/canyoning-gorges-du-llech\/\">Canyon du llech &#8211; Estoher pr\u00e8s de Prades &#8211; Conflent : v3a4III<\/a><\/strong><br \/>\n<strong><a href=\"https:\/\/www1.inextremis-aventura.fr\/activites\/canyoning-gorges-du-taurinya\/\">Canyon La Llitera &#8211; Taurinya &#8211; Conflent : v4a4III<\/a><\/strong><br \/>\n<strong>Canyon le Cady &#8211; Casteil &#8211; Conflent : v3a2I (r\u00e8glementation sp\u00e9cifique)<\/strong>[\/vc_column_text][vc_column_text css=&#8221;&#8221;]<\/p>\n<h3>The different levels of canyoning offered<\/h3>\n<p>[\/vc_column_text][vc_column_text css=&#8221;.vc_custom_1735035615942{padding-top: 10px !important;padding-right: 10px !important;padding-bottom: 10px !important;padding-left: 10px !important;}&#8221; el_class=&#8221;black&#8221;]<\/p>\n<ul>\n<li><a href=\"https:\/\/www1.inextremis-aventura.fr\/en\/product-categories\/canyoning-sport\/family\/\">Discovery level from 8 years old<\/a><\/li>\n<li><a href=\"https:\/\/www1.inextremis-aventura.fr\/en\/product-categories\/canyoning-sport\/discover\/\">Introductory level from 10 years old<\/a><\/li>\n<li><a href=\"https:\/\/www1.inextremis-aventura.fr\/en\/product-categories\/canyoning-sport\/intermediate\/\">Intermediate level between initiation and sports from 12 years old<\/a><\/li>\n<li><a href=\"https:\/\/www1.inextremis-aventura.fr\/en\/product-categories\/canyoning-sport\/sport\/\">Sports: Sports level participants having practiced canyoning from 12 years old (under conditions)<\/a><\/li>\n<li><a href=\"https:\/\/www1.inextremis-aventura.fr\/en\/product-categories\/canyoning-sport\/very-sporty\/\">Very Sporty: Sporty level + confirmed canyoning participants from 14 years old (under conditions)<\/a><\/li>\n<li><a href=\"https:\/\/www1.inextremis-aventura.fr\/en\/product-categories\/canyoning-sport\/extreme-sport\/\">Expert +: Expert level, very experienced participants in canyoning from 18 years old (subject to conditions)<\/a><\/li>\n<\/ul>\n<p>[\/vc_column_text][\/vc_column][\/vc_row][vc_row][vc_column][vc_column_text css=&#8221;.vc_custom_1735035286271{padding-top: 10px !important;padding-right: 10px !important;padding-bottom: 10px !important;padding-left: 10px !important;background-color: #1e73be !important;}&#8221; el_class=&#8221;blanc&#8221;]<\/p>\n<h3>Equipment for canyoning:<\/h3>\n<p>For canyoning, we will provide you with individual equipment: 5.5 mm neoprene suit, harness (shoulder belts), helmets, lanyards, safety carabiners, figure eight (descender), shoes (from 36 to 47) and for the shorter periods. colder at the start of the season top (3mm neoprene t-shirt), 3mm neoprene socks (from October to June), for abseiling waterfalls on ropes, zip line on guided abseils, jumps into clear pools of water, slides on shiny slides, passage under rock, swimming in white water in the heart of the torrents of the Eastern Pyrenees, to discover this sporting and adventure activity playful\u2026<br \/>\n[\/vc_column_text][vc_column_text css=&#8221;&#8221;]<\/p>\n<h2>Cold water canyoning (open period April to October)<\/h2>\n<p>[\/vc_column_text][vc_column_text]<strong>Canyon descents for all levels, for everyone throughout the Pyr\u00e9n\u00e9es Orientales departmen<\/strong>[\/vc_column_text][vc_column_text css=&#8221;&#8221;]Canyoning, Canyon adventure, Water hiking, Rappelling, Canyoning, Gorge exploration, Canyon excursions, Natural waterfalls and slides, canyoners, beginner, Sport canyoning, Beginner canyoning, Extreme canyoning, Canyoning guides<br \/>\nCanyoning equipment, Best canyoning sites in the Eastern Pyrenees, Canyoning courses and teaching, canyoning group outings.[\/vc_column_text]<div class=\"woocommerce columns-2 \"><ul class=\"products columns-2\">\n<li class=\"desktop-align-center tablet-align-left mobile-align-left ast-product-gallery-layout-horizontal ast-magnify-disabled product type-product post-657 status-publish first instock product_cat-canyoning product_cat-famille product_tag-amelie-les-bains product_tag-demi-journee product_tag-juillet-aout product_tag-pyrenees-orientales product_tag-terme-inferieur product_tag-vallespir has-post-thumbnail virtual purchasable product-type-appointment\">\n\t<a href=\"https:\/\/www1.inextremis-aventura.fr\/activites\/canyoning-gorges-du-terme-inferieur-amelie-les-bains\/\" class=\"woocommerce-LoopProduct-link woocommerce-loop-product__link\"><div class=\"wpcbm-wrapper wpcbm-wrapper-archive-image\"><div class=\"wpcbm-badges wpcbm-badges-top-right wpcbm-badges-archive_image\"><div class=\"wpcbm-badge wpcbm-badge-12464 wpcbm-pid-657 wpcbm-badge-style-image wpcbm-badge-group-0 hint--top\" aria-label=\"\"><div class=\"wpcbm-badge-inner\"><img loading=\"lazy\" decoding=\"async\" width=\"158\" height=\"158\" src=\"https:\/\/www1.inextremis-aventura.fr\/wp-content\/uploads\/2020\/12\/logo2013_small-50x50.jpg\" class=\"attachment-full size-full\" alt=\"Inextremis Aventura\" \/><\/div><\/div><\/div><img loading=\"lazy\" decoding=\"async\" width=\"1000\" height=\"750\" src=\"https:\/\/www1.inextremis-aventura.fr\/wp-content\/uploads\/2024\/07\/GoogleDrive_DSCN0113.JPG\" class=\"attachment-woocommerce_thumbnail size-woocommerce_thumbnail\" alt=\"Canyoning Gorges du Terme Inf\u00e9rieur - Am\u00e9lie les Bains - Pyr\u00e9n\u00e9es Orientales - 66\" \/><\/div><h2 class=\"woocommerce-loop-product__title\">Canyoning Famille Gorges du Terme inf\u00e9rieur &#8211; Am\u00e9lie les bains &#8211; Pyr\u00e9n\u00e9es Orientales<\/h2><div class=\"glsr glsr-default glsrw-loop-rating\" style=\"display: inline-block; margin: 0 auto;\">\n    <div class=\"glsr-star-rating glsr-stars\" role=\"img\" aria-label=\"Rated 4.8 out of 5 stars based on 8 ratings\" data-rating=\"4.8\" data-reviews=\"8\"><span class=\"glsr-star glsr-star-full\" aria-hidden=\"true\"><\/span><span class=\"glsr-star glsr-star-full\" aria-hidden=\"true\"><\/span><span class=\"glsr-star glsr-star-full\" aria-hidden=\"true\"><\/span><span class=\"glsr-star glsr-star-full\" aria-hidden=\"true\"><\/span><span class=\"glsr-star glsr-star-half\" aria-hidden=\"true\"><\/span><\/div><\/div>\n\t<span class=\"price\">Tarifs d\u00e9gr\u00e9ssifs de 45 \u00e0 39 \u20ac <small class=\"duration\">4 hours<\/small><\/span>\n<\/a><a href=\"https:\/\/www1.inextremis-aventura.fr\/activites\/canyoning-gorges-du-terme-inferieur-amelie-les-bains\/\" aria-describedby=\"woocommerce_loop_add_to_cart_link_describedby_657\" data-quantity=\"1\" class=\"button product_type_appointment add_to_cart_button \" data-product_id=\"657\" data-product_sku=\"terme-01-2025\" aria-label=\"Read more about &ldquo;Canyoning Famille Gorges du Terme inf\u00e9rieur - Am\u00e9lie les bains - Pyr\u00e9n\u00e9es Orientales&rdquo;\" rel=\"nofollow\">Book<\/a>\t<span id=\"woocommerce_loop_add_to_cart_link_describedby_657\" class=\"screen-reader-text\">\n\t\t\t<\/span>\n<\/li>\n<li class=\"desktop-align-center tablet-align-left mobile-align-left ast-product-gallery-layout-horizontal ast-magnify-disabled product type-product post-668 status-publish last instock product_cat-canyoning product_cat-famille product_tag-avril-octobre product_tag-demi-journee product_tag-fenouilledes product_tag-galamus product_tag-pyrenees-orientales product_tag-saint-paul-de-fenouillet has-post-thumbnail virtual purchasable product-type-appointment\">\n\t<a href=\"https:\/\/www1.inextremis-aventura.fr\/activites\/canyoning-gorges-de-galamus-saint-paul-de-fenouillet\/\" class=\"woocommerce-LoopProduct-link woocommerce-loop-product__link\"><div class=\"wpcbm-wrapper wpcbm-wrapper-archive-image\"><div class=\"wpcbm-badges wpcbm-badges-top-right wpcbm-badges-archive_image\"><div class=\"wpcbm-badge wpcbm-badge-12468 wpcbm-pid-668 wpcbm-badge-style-image wpcbm-badge-group-0 hint--top\" aria-label=\"\"><div class=\"wpcbm-badge-inner\"><img loading=\"lazy\" decoding=\"async\" width=\"326\" height=\"295\" src=\"https:\/\/www1.inextremis-aventura.fr\/wp-content\/uploads\/2024\/07\/logo-sableo.jpg\" class=\"attachment-full size-full\" alt=\"Sabl\u00e9o\" \/><\/div><\/div><\/div><img loading=\"lazy\" decoding=\"async\" width=\"800\" height=\"600\" src=\"https:\/\/www1.inextremis-aventura.fr\/wp-content\/uploads\/2021\/11\/canyoning-gorges-de-galamus-04.jpg\" class=\"attachment-woocommerce_thumbnail size-woocommerce_thumbnail\" alt=\"Canyoning Gorges de Galamus - Saint Paul de Fenouillet - Pyr\u00e9n\u00e9es Orientales\" srcset=\"https:\/\/www1.inextremis-aventura.fr\/wp-content\/uploads\/2021\/11\/canyoning-gorges-de-galamus-04.jpg 800w, https:\/\/www1.inextremis-aventura.fr\/wp-content\/uploads\/2021\/11\/canyoning-gorges-de-galamus-04-100x75.jpg 100w\" sizes=\"auto, (max-width: 800px) 100vw, 800px\" \/><\/div><h2 class=\"woocommerce-loop-product__title\">Canyoning Gorges de Galamus &#8211; Saint Paul de Fenouillet &#8211; Pyr\u00e9n\u00e9es Orientales<\/h2><div class=\"glsr glsr-default glsrw-loop-rating\" style=\"display: inline-block; margin: 0 auto;\">\n    <div class=\"glsr-star-rating glsr-stars\" role=\"img\" aria-label=\"Rated 4 out of 5 stars based on 3 ratings\" data-rating=\"4\" data-reviews=\"3\"><span class=\"glsr-star glsr-star-full\" aria-hidden=\"true\"><\/span><span class=\"glsr-star glsr-star-full\" aria-hidden=\"true\"><\/span><span class=\"glsr-star glsr-star-full\" aria-hidden=\"true\"><\/span><span class=\"glsr-star glsr-star-full\" aria-hidden=\"true\"><\/span><span class=\"glsr-star glsr-star-empty\" aria-hidden=\"true\"><\/span><\/div><\/div>\n\t<span class=\"price\">Tarifs d\u00e9gressifs de 45 \u00e0 39 \u20ac <small class=\"duration\">4 hours<\/small><\/span>\n<\/a><a href=\"https:\/\/www1.inextremis-aventura.fr\/activites\/canyoning-gorges-de-galamus-saint-paul-de-fenouillet\/\" aria-describedby=\"woocommerce_loop_add_to_cart_link_describedby_668\" data-quantity=\"1\" class=\"button product_type_appointment add_to_cart_button \" data-product_id=\"668\" data-product_sku=\"galamus-01\" aria-label=\"Read more about &ldquo;Canyoning Gorges de Galamus - Saint Paul de Fenouillet - Pyr\u00e9n\u00e9es Orientales&rdquo;\" rel=\"nofollow\">Book<\/a>\t<span id=\"woocommerce_loop_add_to_cart_link_describedby_668\" class=\"screen-reader-text\">\n\t\t\t<\/span>\n<\/li>\n<li class=\"desktop-align-center tablet-align-left mobile-align-left ast-product-gallery-layout-horizontal ast-magnify-disabled product type-product post-463 status-publish first instock product_cat-canyoning product_cat-decouverte product_tag-baoussous product_tag-canyoning-ceret product_tag-avril-octobre product_tag-cascades product_tag-demi-journee product_tag-initiation-decouverte product_tag-pyrenees-orientales product_tag-vallespir has-post-thumbnail virtual purchasable product-type-appointment\">\n\t<a href=\"https:\/\/www1.inextremis-aventura.fr\/activites\/canyoning-cascades-de-baoussous-ceret\/\" class=\"woocommerce-LoopProduct-link woocommerce-loop-product__link\"><div class=\"wpcbm-wrapper wpcbm-wrapper-archive-image\"><div class=\"wpcbm-badges wpcbm-badges-top-left wpcbm-badges-archive_image\"><div class=\"wpcbm-badge wpcbm-badge-10034 wpcbm-pid-463 wpcbm-badge-style-04 wpcbm-badge-group-0 hint--top\" aria-label=\"\"><div class=\"wpcbm-badge-inner\">Niveau initiation - 10 ans<\/div><\/div><\/div><div class=\"wpcbm-badges wpcbm-badges-bottom-left wpcbm-badges-archive_image\"><div class=\"wpcbm-badge wpcbm-badge-10060 wpcbm-pid-463 wpcbm-badge-style-04 wpcbm-badge-group-0 hint--top\" aria-label=\"\"><div class=\"wpcbm-badge-inner\">Avril\/Juillet<\/div><\/div><\/div><div class=\"wpcbm-badges wpcbm-badges-top-right wpcbm-badges-archive_image\"><div class=\"wpcbm-badge wpcbm-badge-12464 wpcbm-pid-463 wpcbm-badge-style-image wpcbm-badge-group-0 hint--top\" aria-label=\"\"><div class=\"wpcbm-badge-inner\"><img loading=\"lazy\" decoding=\"async\" width=\"158\" height=\"158\" src=\"https:\/\/www1.inextremis-aventura.fr\/wp-content\/uploads\/2020\/12\/logo2013_small-50x50.jpg\" class=\"attachment-full size-full\" alt=\"Inextremis Aventura\" \/><\/div><\/div><\/div><img loading=\"lazy\" decoding=\"async\" width=\"1000\" height=\"751\" src=\"https:\/\/www1.inextremis-aventura.fr\/wp-content\/uploads\/2021\/09\/canyon-casacades-de-baoussous-01-2021-e1632920491241-1000x751.jpg\" class=\"attachment-woocommerce_thumbnail size-woocommerce_thumbnail\" alt=\"Canyoning cascades de Baoussous \u00e0 C\u00e9ret - Pyr\u00e9n\u00e9es Orientales - 66\" srcset=\"https:\/\/www1.inextremis-aventura.fr\/wp-content\/uploads\/2021\/09\/canyon-casacades-de-baoussous-01-2021-e1632920491241-1000x751.jpg 1000w, https:\/\/www1.inextremis-aventura.fr\/wp-content\/uploads\/2021\/09\/canyon-casacades-de-baoussous-01-2021-e1632920491241.jpg 1400w\" sizes=\"auto, (max-width: 1000px) 100vw, 1000px\" \/><\/div><h2 class=\"woocommerce-loop-product__title\">Canyoning Cascades de Baoussous &#8211; C\u00e9ret &#8211; Pyr\u00e9n\u00e9es Orientales<\/h2><div class=\"glsr glsr-default glsrw-loop-rating\" style=\"display: inline-block; margin: 0 auto;\">\n    <div class=\"glsr-star-rating glsr-stars\" role=\"img\" aria-label=\"Rated 4 out of 5 stars based on 2 ratings\" data-rating=\"4\" data-reviews=\"2\"><span class=\"glsr-star glsr-star-full\" aria-hidden=\"true\"><\/span><span class=\"glsr-star glsr-star-full\" aria-hidden=\"true\"><\/span><span class=\"glsr-star glsr-star-full\" aria-hidden=\"true\"><\/span><span class=\"glsr-star glsr-star-full\" aria-hidden=\"true\"><\/span><span class=\"glsr-star glsr-star-empty\" aria-hidden=\"true\"><\/span><\/div><\/div>\n\t<span class=\"price\">Tarifs d\u00e9gressifs de 55 \u00e0 49 \u20ac <small class=\"duration\">4 hours<\/small><\/span>\n<\/a><a href=\"https:\/\/www1.inextremis-aventura.fr\/activites\/canyoning-cascades-de-baoussous-ceret\/\" aria-describedby=\"woocommerce_loop_add_to_cart_link_describedby_463\" data-quantity=\"1\" class=\"button product_type_appointment add_to_cart_button \" data-product_id=\"463\" data-product_sku=\"baoussous-01\" aria-label=\"Read more about &ldquo;Canyoning Cascades de Baoussous - C\u00e9ret - Pyr\u00e9n\u00e9es Orientales&rdquo;\" rel=\"nofollow\">Book<\/a>\t<span id=\"woocommerce_loop_add_to_cart_link_describedby_463\" class=\"screen-reader-text\">\n\t\t\t<\/span>\n<\/li>\n<li class=\"desktop-align-center tablet-align-left mobile-align-left ast-product-gallery-layout-horizontal ast-magnify-disabled product type-product post-84 status-publish last instock product_cat-canyoning product_cat-intermediaire product_tag-anelles product_tag-canyoning-ceret product_tag-avril-octobre product_tag-demi-journee product_tag-initiation-sportive product_tag-pyrenees-orientales product_tag-vallespir has-post-thumbnail virtual purchasable product-type-appointment\">\n\t<a href=\"https:\/\/www1.inextremis-aventura.fr\/activites\/canyoning-gourg-des-anelles-a-ceret\/\" class=\"woocommerce-LoopProduct-link woocommerce-loop-product__link\"><div class=\"wpcbm-wrapper wpcbm-wrapper-archive-image\"><div class=\"wpcbm-badges wpcbm-badges-top-right wpcbm-badges-archive_image\"><div class=\"wpcbm-badge wpcbm-badge-12464 wpcbm-pid-84 wpcbm-badge-style-image wpcbm-badge-group-0 hint--top\" aria-label=\"\"><div class=\"wpcbm-badge-inner\"><img loading=\"lazy\" decoding=\"async\" width=\"158\" height=\"158\" src=\"https:\/\/www1.inextremis-aventura.fr\/wp-content\/uploads\/2020\/12\/logo2013_small-50x50.jpg\" class=\"attachment-full size-full\" alt=\"Inextremis Aventura\" \/><\/div><\/div><\/div><img loading=\"lazy\" decoding=\"async\" width=\"1000\" height=\"750\" src=\"https:\/\/www1.inextremis-aventura.fr\/wp-content\/uploads\/2020\/12\/canyon-gourg-des-anelles-rappel-2020.jpg\" class=\"attachment-woocommerce_thumbnail size-woocommerce_thumbnail\" alt=\"Canyoning Gourg des Anelles - C\u00e9ret - Pyr\u00e9n\u00e9es Orientales - 66\" srcset=\"https:\/\/www1.inextremis-aventura.fr\/wp-content\/uploads\/2020\/12\/canyon-gourg-des-anelles-rappel-2020.jpg 1000w, https:\/\/www1.inextremis-aventura.fr\/wp-content\/uploads\/2020\/12\/canyon-gourg-des-anelles-rappel-2020-100x75.jpg 100w\" sizes=\"auto, (max-width: 1000px) 100vw, 1000px\" \/><\/div><h2 class=\"woocommerce-loop-product__title\">Canyoning Gourg des Anelles &#8211; C\u00e9ret &#8211; Pyr\u00e9n\u00e9es Orientales<\/h2><div class=\"glsr glsr-default glsrw-loop-rating\" style=\"display: inline-block; margin: 0 auto;\">\n    <div class=\"glsr-star-rating glsr-stars\" role=\"img\" aria-label=\"Rated 5 out of 5 stars based on 13 ratings\" data-rating=\"5\" data-reviews=\"13\"><span class=\"glsr-star glsr-star-full\" aria-hidden=\"true\"><\/span><span class=\"glsr-star glsr-star-full\" aria-hidden=\"true\"><\/span><span class=\"glsr-star glsr-star-full\" aria-hidden=\"true\"><\/span><span class=\"glsr-star glsr-star-full\" aria-hidden=\"true\"><\/span><span class=\"glsr-star glsr-star-full\" aria-hidden=\"true\"><\/span><\/div><\/div>\n\t<span class=\"price\">Tarifs d\u00e9gressifs de 55 \u00e0 49 \u20ac <small class=\"duration\">4 hours<\/small><\/span>\n<\/a><a href=\"https:\/\/www1.inextremis-aventura.fr\/activites\/canyoning-gourg-des-anelles-a-ceret\/\" aria-describedby=\"woocommerce_loop_add_to_cart_link_describedby_84\" data-quantity=\"1\" class=\"button product_type_appointment add_to_cart_button \" data-product_id=\"84\" data-product_sku=\"anelles-01-2025\" aria-label=\"Read more about &ldquo;Canyoning Gourg des Anelles - C\u00e9ret - Pyr\u00e9n\u00e9es Orientales&rdquo;\" rel=\"nofollow\">Book<\/a>\t<span id=\"woocommerce_loop_add_to_cart_link_describedby_84\" class=\"screen-reader-text\">\n\t\t\t<\/span>\n<\/li>\n<li class=\"desktop-align-center tablet-align-left mobile-align-left ast-product-gallery-layout-horizontal ast-magnify-disabled product type-product post-612 status-publish first instock product_cat-canyoning product_cat-sportif product_tag-avril-juin product_tag-journee-complete product_tag-mas-calsan product_tag-pyrenees-orientales product_tag-reynes product_tag-vallespir has-post-thumbnail virtual purchasable product-type-appointment\">\n\t<a href=\"https:\/\/www1.inextremis-aventura.fr\/activites\/canyoning-mas-calsan-pyrenees-orientales\/\" class=\"woocommerce-LoopProduct-link woocommerce-loop-product__link\"><div class=\"wpcbm-wrapper wpcbm-wrapper-archive-image\"><div class=\"wpcbm-badges wpcbm-badges-top-right wpcbm-badges-archive_image\"><div class=\"wpcbm-badge wpcbm-badge-12464 wpcbm-pid-612 wpcbm-badge-style-image wpcbm-badge-group-0 hint--top\" aria-label=\"\"><div class=\"wpcbm-badge-inner\"><img loading=\"lazy\" decoding=\"async\" width=\"158\" height=\"158\" src=\"https:\/\/www1.inextremis-aventura.fr\/wp-content\/uploads\/2020\/12\/logo2013_small-50x50.jpg\" class=\"attachment-full size-full\" alt=\"Inextremis Aventura\" \/><\/div><\/div><\/div><img loading=\"lazy\" decoding=\"async\" width=\"1000\" height=\"750\" src=\"https:\/\/www1.inextremis-aventura.fr\/wp-content\/uploads\/2021\/11\/canyon-mas-calsan-05.jpg\" class=\"attachment-woocommerce_thumbnail size-woocommerce_thumbnail\" alt=\"Canyon du mas Calsan \u00e0 reyn\u00e8s - Pyr\u00e9n\u00e9es Orientales\" srcset=\"https:\/\/www1.inextremis-aventura.fr\/wp-content\/uploads\/2021\/11\/canyon-mas-calsan-05.jpg 1000w, https:\/\/www1.inextremis-aventura.fr\/wp-content\/uploads\/2021\/11\/canyon-mas-calsan-05-100x75.jpg 100w\" sizes=\"auto, (max-width: 1000px) 100vw, 1000px\" \/><\/div><h2 class=\"woocommerce-loop-product__title\">Canyoning Mas Calsan &#8211; Reynes &#8211; Pyr\u00e9n\u00e9es Orientales<\/h2><div class=\"glsr glsr-default glsrw-loop-rating\" style=\"display: inline-block; margin: 0 auto;\">\n    <div class=\"glsr-star-rating glsr-stars\" role=\"img\" aria-label=\"Rated 5 out of 5 stars based on 1 ratings\" data-rating=\"5\" data-reviews=\"1\"><span class=\"glsr-star glsr-star-full\" aria-hidden=\"true\"><\/span><span class=\"glsr-star glsr-star-full\" aria-hidden=\"true\"><\/span><span class=\"glsr-star glsr-star-full\" aria-hidden=\"true\"><\/span><span class=\"glsr-star glsr-star-full\" aria-hidden=\"true\"><\/span><span class=\"glsr-star glsr-star-full\" aria-hidden=\"true\"><\/span><\/div><\/div>\n\t<span class=\"price\">Tarifs d\u00e9gressifs de 65 \u00e0 49 \u20ac <small class=\"duration\">4 hours<\/small><\/span>\n<\/a><a href=\"https:\/\/www1.inextremis-aventura.fr\/activites\/canyoning-mas-calsan-pyrenees-orientales\/\" aria-describedby=\"woocommerce_loop_add_to_cart_link_describedby_612\" data-quantity=\"1\" class=\"button product_type_appointment add_to_cart_button \" data-product_id=\"612\" data-product_sku=\"calsan-01\" aria-label=\"Read more about &ldquo;Canyoning Mas Calsan - Reynes - Pyr\u00e9n\u00e9es Orientales&rdquo;\" rel=\"nofollow\">Book<\/a>\t<span id=\"woocommerce_loop_add_to_cart_link_describedby_612\" class=\"screen-reader-text\">\n\t\t\t<\/span>\n<\/li>\n<li class=\"desktop-align-center tablet-align-left mobile-align-left ast-product-gallery-layout-horizontal ast-magnify-disabled product type-product post-684 status-publish last instock product_cat-canyoning product_cat-tres-sportif product_tag-avril-octobre product_tag-conflent product_tag-demi-journee product_tag-llech product_tag-prades product_tag-pyrenees-orientales has-post-thumbnail virtual purchasable product-type-appointment\">\n\t<a href=\"https:\/\/www1.inextremis-aventura.fr\/activites\/canyoning-gorges-du-llech\/\" class=\"woocommerce-LoopProduct-link woocommerce-loop-product__link\"><div class=\"wpcbm-wrapper wpcbm-wrapper-archive-image\"><div class=\"wpcbm-badges wpcbm-badges-top-right wpcbm-badges-archive_image\"><div class=\"wpcbm-badge wpcbm-badge-12464 wpcbm-pid-684 wpcbm-badge-style-image wpcbm-badge-group-0 hint--top\" aria-label=\"\"><div class=\"wpcbm-badge-inner\"><img loading=\"lazy\" decoding=\"async\" width=\"158\" height=\"158\" src=\"https:\/\/www1.inextremis-aventura.fr\/wp-content\/uploads\/2020\/12\/logo2013_small-50x50.jpg\" class=\"attachment-full size-full\" alt=\"Inextremis Aventura\" \/><\/div><\/div><\/div><img loading=\"lazy\" decoding=\"async\" width=\"1000\" height=\"762\" src=\"https:\/\/www1.inextremis-aventura.fr\/wp-content\/uploads\/2021\/11\/llech-2024-1000x762.jpg\" class=\"attachment-woocommerce_thumbnail size-woocommerce_thumbnail\" alt=\"Canyoning Gorges du Llech - Prades - Pyr\u00e9n\u00e9es Orientales\" srcset=\"https:\/\/www1.inextremis-aventura.fr\/wp-content\/uploads\/2021\/11\/llech-2024-1000x762.jpg 1000w, https:\/\/www1.inextremis-aventura.fr\/wp-content\/uploads\/2021\/11\/llech-2024-300x229.jpg 300w, https:\/\/www1.inextremis-aventura.fr\/wp-content\/uploads\/2021\/11\/llech-2024-1024x780.jpg 1024w, https:\/\/www1.inextremis-aventura.fr\/wp-content\/uploads\/2021\/11\/llech-2024-768x585.jpg 768w, https:\/\/www1.inextremis-aventura.fr\/wp-content\/uploads\/2021\/11\/llech-2024-1320x1006.jpg 1320w, https:\/\/www1.inextremis-aventura.fr\/wp-content\/uploads\/2021\/11\/llech-2024.jpg 1400w\" sizes=\"auto, (max-width: 1000px) 100vw, 1000px\" \/><\/div><h2 class=\"woocommerce-loop-product__title\">Canyoning Llech &#8211; Prades &#8211; Pyr\u00e9n\u00e9es Orientales<\/h2><div class=\"glsr glsr-default glsrw-loop-rating\" style=\"display: inline-block; margin: 0 auto;\">\n    <div class=\"glsr-star-rating glsr-stars\" role=\"img\" aria-label=\"Rated 5 out of 5 stars based on 1 ratings\" data-rating=\"5\" data-reviews=\"1\"><span class=\"glsr-star glsr-star-full\" aria-hidden=\"true\"><\/span><span class=\"glsr-star glsr-star-full\" aria-hidden=\"true\"><\/span><span class=\"glsr-star glsr-star-full\" aria-hidden=\"true\"><\/span><span class=\"glsr-star glsr-star-full\" aria-hidden=\"true\"><\/span><span class=\"glsr-star glsr-star-full\" aria-hidden=\"true\"><\/span><\/div><\/div>\n\t<span class=\"price\">Tarifs d\u00e9gressifs de 65 \u00e0 59 \u20ac <small class=\"duration\">4 hours<\/small><\/span>\n<\/a><a href=\"https:\/\/www1.inextremis-aventura.fr\/activites\/canyoning-gorges-du-llech\/\" aria-describedby=\"woocommerce_loop_add_to_cart_link_describedby_684\" data-quantity=\"1\" class=\"button product_type_appointment add_to_cart_button \" data-product_id=\"684\" data-product_sku=\"llech-01\" aria-label=\"Read more about &ldquo;Canyoning Llech - Prades - Pyr\u00e9n\u00e9es Orientales&rdquo;\" rel=\"nofollow\">Book<\/a>\t<span id=\"woocommerce_loop_add_to_cart_link_describedby_684\" class=\"screen-reader-text\">\n\t\t\t<\/span>\n<\/li>\n<\/ul>\n<\/div>[\/vc_column][\/vc_row][vc_row][vc_column width=&#8221;1\/2&#8243;]<div class=\"woocommerce columns-1 \"><ul class=\"products columns-1\">\n<li class=\"desktop-align-center tablet-align-left mobile-align-left ast-product-gallery-layout-horizontal ast-product-gallery-with-no-image ast-magnify-disabled ast-product-single-variable product type-product post-11558 status-publish first instock product_cat-bon-cadeau product_cat-canyoning has-post-thumbnail purchasable product-type-variable\">\n\t<a href=\"https:\/\/www1.inextremis-aventura.fr\/activites\/carte-cadeau-2025\/\" class=\"woocommerce-LoopProduct-link woocommerce-loop-product__link\"><div class=\"wpcbm-wrapper wpcbm-wrapper-archive-image\"><div class=\"wpcbm-badges wpcbm-badges-top-right wpcbm-badges-archive_image\"><div class=\"wpcbm-badge wpcbm-badge-12464 wpcbm-pid-11558 wpcbm-badge-style-image wpcbm-badge-group-0 hint--top\" aria-label=\"\"><div class=\"wpcbm-badge-inner\"><img loading=\"lazy\" decoding=\"async\" width=\"158\" height=\"158\" src=\"https:\/\/www1.inextremis-aventura.fr\/wp-content\/uploads\/2020\/12\/logo2013_small-50x50.jpg\" class=\"attachment-full size-full\" alt=\"Inextremis Aventura\" \/><\/div><\/div><\/div><img loading=\"lazy\" decoding=\"async\" width=\"1000\" height=\"715\" src=\"https:\/\/www1.inextremis-aventura.fr\/wp-content\/uploads\/2021\/11\/carte-cadeau-canyoning-e1675812710592-1000x715.jpg\" class=\"attachment-woocommerce_thumbnail size-woocommerce_thumbnail\" alt=\"Carte cadeau Canyoning\" srcset=\"https:\/\/www1.inextremis-aventura.fr\/wp-content\/uploads\/2021\/11\/carte-cadeau-canyoning-e1675812710592-1000x715.jpg 1000w, https:\/\/www1.inextremis-aventura.fr\/wp-content\/uploads\/2021\/11\/carte-cadeau-canyoning-e1675812710592.jpg 1400w\" sizes=\"auto, (max-width: 1000px) 100vw, 1000px\" \/><\/div><h2 class=\"woocommerce-loop-product__title\">Carte Cadeau Canyoning<\/h2><div class=\"glsr glsr-default glsrw-loop-rating\" style=\"display: inline-block; margin: 0 auto;\">\n    <div class=\"glsr-star-rating glsr-stars\" role=\"img\" aria-label=\"Rated 5 out of 5 stars based on 2 ratings\" data-rating=\"5\" data-reviews=\"2\"><span class=\"glsr-star glsr-star-full\" aria-hidden=\"true\"><\/span><span class=\"glsr-star glsr-star-full\" aria-hidden=\"true\"><\/span><span class=\"glsr-star glsr-star-full\" aria-hidden=\"true\"><\/span><span class=\"glsr-star glsr-star-full\" aria-hidden=\"true\"><\/span><span class=\"glsr-star glsr-star-full\" aria-hidden=\"true\"><\/span><\/div><\/div>\n\t<span class=\"price\"><span class=\"woocommerce-Price-amount amount\" aria-hidden=\"true\"><bdi>45,00<span class=\"woocommerce-Price-currencySymbol\">&euro;<\/span><\/bdi><\/span> <span aria-hidden=\"true\">&ndash;<\/span> <span class=\"woocommerce-Price-amount amount\" aria-hidden=\"true\"><bdi>65,00<span class=\"woocommerce-Price-currencySymbol\">&euro;<\/span><\/bdi><\/span><span class=\"screen-reader-text\">Price range: 45,00&euro; through 65,00&euro;<\/span><\/span>\n<\/a><a href=\"https:\/\/www1.inextremis-aventura.fr\/activites\/carte-cadeau-2025\/\" aria-describedby=\"woocommerce_loop_add_to_cart_link_describedby_11558\" data-quantity=\"1\" class=\"button product_type_variable add_to_cart_button \" data-product_id=\"11558\" data-product_sku=\"carte-cadeau-2025\" aria-label=\"Select options for &ldquo;Carte Cadeau Canyoning&rdquo;\" rel=\"nofollow\">Buy gift card<\/a>\t<span id=\"woocommerce_loop_add_to_cart_link_describedby_11558\" class=\"screen-reader-text\">\n\t\tThis product has multiple variants. The options may be chosen on the product page\t<\/span>\n<\/li>\n<\/ul>\n<\/div>[\/vc_column][vc_column width=&#8221;1\/2&#8243;][\/vc_column][\/vc_row][vc_row][vc_column][vc_btn title=&#8221;All canyons !&#8221; style=&#8221;custom&#8221; custom_background=&#8221;#fb2056&#8243; custom_text=&#8221;#ffffff&#8221; shape=&#8221;square&#8221; align=&#8221;center&#8221; link=&#8221;url:https%3A%2F%2Fwww.inextremis-aventura.fr%2Factivites%2F|title:Activities|&#8221;][\/vc_column][\/vc_row][vc_row][vc_column][vc_column_text css=&#8221;&#8221;]<\/p>\n<h2>Via Ferrata in the Pyrenees Orientals<\/h2>\n<p>4 Via Ferrata routes in Saint Paul de Fenouillet in the Pyr\u00e9n\u00e9es Orientales (66)<br \/>\nVia ferrata is an exciting activity that combines rock climbing and hiking, providing a thrilling experience for outdoor adventure lovers. Whether you are a beginner looking for a challenge or an experienced climber looking for new sensations, the via ferrata takes you to discover spectacular landscapes while giving you an adrenaline rush.<br \/>\nImagine walking along a steep rock face, clinging to metal rungs and using cables and suspension bridges to progress. The via ferrata allows you to venture into otherwise inaccessible places, while being secured by a continuous lifeline system. You will be able to admire breathtaking panoramas, majestic cliffs and breathtaking views of the surrounding nature.<br \/>\nWhether you choose an easy via ferrata for beginners or a more technical route for experienced climbers, you will be accompanied by experienced guides who will ensure your safety and give you advice throughout the activity. They will also provide you with the necessary equipment, including a harness, helmet and lanyard, so you can fully enjoy this experience with complete confidence.<br \/>\nVia ferrata is an ideal activity for groups of friends, families or people looking for thrills. It offers a unique way to challenge your physical and mental limits while connecting with nature. Whether you are looking for a half-day or full-day adventure, via ferrata promises an unforgettable experience and lasting memories.<br \/>\nGet ready to embark on a vertical adventure, test your agility and courage, and marvel at the beauty of the rock walls. The via ferrata offers you an exceptional opportunity to push your limits and live a one-of-a-kind experience, while soaking up the grandeur of nature.<\/p>\n<p>Que vous choisissiez une via ferrata facile pour les d\u00e9butants ou une voie plus technique pour les grimpeurs chevronn\u00e9s, vous serez accompagn\u00e9 par des guides exp\u00e9riment\u00e9s qui veilleront \u00e0 votre s\u00e9curit\u00e9 et vous donneront des conseils tout au long de l&#8217;activit\u00e9. Ils vous fourniront \u00e9galement l&#8217;\u00e9quipement n\u00e9cessaire, y compris un harnais, un casque et une longe, afin que vous puissiez profiter pleinement de cette exp\u00e9rience en toute confiance.<br \/>\nLa via ferrata est une activit\u00e9 id\u00e9ale pour les groupes d&#8217;amis, les familles ou les personnes en qu\u00eate de sensations fortes. Elle offre un moyen unique de d\u00e9fier vos limites physiques et mentales tout en vous connectant avec la nature. Que vous soyez \u00e0 la recherche d&#8217;une aventure d&#8217;une demi-journ\u00e9e ou d&#8217;une journ\u00e9e compl\u00e8te, la via ferrata vous promet une exp\u00e9rience inoubliable et des souvenirs durables.<br \/>\nPr\u00e9parez-vous \u00e0 vous lancer dans une aventure verticale, \u00e0 tester votre agilit\u00e9 et votre courage, et \u00e0 vous \u00e9merveiller devant la beaut\u00e9 des parois rocheuses. La via ferrata vous offre une occasion exceptionnelle de repousser vos limites et de vivre une exp\u00e9rience unique en son genre, tout en vous impr\u00e9gnant de la grandeur de la nature.[\/vc_column_text]<div class=\"woocommerce columns-2 \"><ul class=\"products columns-2\">\n<li class=\"desktop-align-center tablet-align-left mobile-align-left ast-product-gallery-layout-horizontal ast-magnify-disabled product type-product post-11841 status-publish first instock product_cat-curs-diniciacio-via-ferrata product_cat-via-ferrata-ca product_tag-sant-paul-de-fenouillet product_tag-via-ferrata-ca has-post-thumbnail virtual purchasable product-type-appointment\">\n\t<a href=\"https:\/\/www1.inextremis-aventura.fr\/ca\/activitats\/via-ferrata-la-pichona-sant-pau-de-fenollet\/\" class=\"woocommerce-LoopProduct-link woocommerce-loop-product__link\"><div class=\"wpcbm-wrapper wpcbm-wrapper-archive-image\"><img loading=\"lazy\" decoding=\"async\" width=\"1000\" height=\"750\" src=\"https:\/\/www1.inextremis-aventura.fr\/wp-content\/uploads\/2023\/05\/via-ferrata-pichona-saint-paul-de-fenouillet-16-1000x750.jpg\" class=\"attachment-woocommerce_thumbnail size-woocommerce_thumbnail\" alt=\"Via Ferrata la Pichona - Saint Paul de Fenouillet\" srcset=\"https:\/\/www1.inextremis-aventura.fr\/wp-content\/uploads\/2023\/05\/via-ferrata-pichona-saint-paul-de-fenouillet-16-1000x750.jpg 1000w, https:\/\/www1.inextremis-aventura.fr\/wp-content\/uploads\/2023\/05\/via-ferrata-pichona-saint-paul-de-fenouillet-16-1400x1050.jpg 1400w, https:\/\/www1.inextremis-aventura.fr\/wp-content\/uploads\/2023\/05\/via-ferrata-pichona-saint-paul-de-fenouillet-16-300x225.jpg 300w, https:\/\/www1.inextremis-aventura.fr\/wp-content\/uploads\/2023\/05\/via-ferrata-pichona-saint-paul-de-fenouillet-16-1024x768.jpg 1024w, https:\/\/www1.inextremis-aventura.fr\/wp-content\/uploads\/2023\/05\/via-ferrata-pichona-saint-paul-de-fenouillet-16-768x576.jpg 768w, https:\/\/www1.inextremis-aventura.fr\/wp-content\/uploads\/2023\/05\/via-ferrata-pichona-saint-paul-de-fenouillet-16-1536x1152.jpg 1536w, https:\/\/www1.inextremis-aventura.fr\/wp-content\/uploads\/2023\/05\/via-ferrata-pichona-saint-paul-de-fenouillet-16.jpg 2048w\" sizes=\"auto, (max-width: 1000px) 100vw, 1000px\" \/><\/div><h2 class=\"woocommerce-loop-product__title\">Via Ferrata La Pichona &#8211; Sant Pau de Fenollet<\/h2><div class=\"glsr glsr-default glsrw-loop-rating\" style=\"display: inline-block; margin: 0 auto;\">\n    <div class=\"glsr-star-rating glsr-stars\" role=\"img\" aria-label=\"Rated 5 out of 5 stars based on 1 ratings\" data-rating=\"5\" data-reviews=\"1\"><span class=\"glsr-star glsr-star-full\" aria-hidden=\"true\"><\/span><span class=\"glsr-star glsr-star-full\" aria-hidden=\"true\"><\/span><span class=\"glsr-star glsr-star-full\" aria-hidden=\"true\"><\/span><span class=\"glsr-star glsr-star-full\" aria-hidden=\"true\"><\/span><span class=\"glsr-star glsr-star-full\" aria-hidden=\"true\"><\/span><\/div><\/div>\n\t<span class=\"price\">Tarifes redu\u00efdes de 35\u20ac a 30\u20ac <small class=\"duration\">2 hours<\/small><\/span>\n<\/a><a href=\"https:\/\/www1.inextremis-aventura.fr\/ca\/activitats\/via-ferrata-la-pichona-sant-pau-de-fenollet\/\" aria-describedby=\"woocommerce_loop_add_to_cart_link_describedby_11841\" data-quantity=\"1\" class=\"button product_type_appointment add_to_cart_button \" data-product_id=\"11841\" data-product_sku=\"vf-pichona-01\" aria-label=\"Read more about &ldquo;Via Ferrata La Pichona - Sant Pau de Fenollet&rdquo;\" rel=\"nofollow\">Book<\/a>\t<span id=\"woocommerce_loop_add_to_cart_link_describedby_11841\" class=\"screen-reader-text\">\n\t\t\t<\/span>\n<\/li>\n<li class=\"desktop-align-center tablet-align-left mobile-align-left ast-product-gallery-layout-horizontal ast-magnify-disabled product type-product post-11835 status-publish last instock product_cat-curs-mitja-via-ferrata product_cat-via-ferrata-ca product_tag-sant-paul-de-fenouillet product_tag-via-ferrata-ca has-post-thumbnail virtual purchasable product-type-appointment\">\n\t<a href=\"https:\/\/www1.inextremis-aventura.fr\/ca\/activitats\/via-ferrata-intermedia-sant-pau-de-fenollet\/\" class=\"woocommerce-LoopProduct-link woocommerce-loop-product__link\"><div class=\"wpcbm-wrapper wpcbm-wrapper-archive-image\"><img loading=\"lazy\" decoding=\"async\" width=\"1000\" height=\"750\" src=\"https:\/\/www1.inextremis-aventura.fr\/wp-content\/uploads\/2023\/05\/via-ferrata-intremediaire-saint-paul-de-fenouillet-19-1000x750.jpg\" class=\"attachment-woocommerce_thumbnail size-woocommerce_thumbnail\" alt=\"Via Ferrata L&#039;Interm\u00e9diaire - Saint Paul de Fenouillet - Pyr\u00e9n\u00e9es Orientales\" srcset=\"https:\/\/www1.inextremis-aventura.fr\/wp-content\/uploads\/2023\/05\/via-ferrata-intremediaire-saint-paul-de-fenouillet-19-1000x750.jpg 1000w, https:\/\/www1.inextremis-aventura.fr\/wp-content\/uploads\/2023\/05\/via-ferrata-intremediaire-saint-paul-de-fenouillet-19.jpg 1400w\" sizes=\"auto, (max-width: 1000px) 100vw, 1000px\" \/><\/div><h2 class=\"woocommerce-loop-product__title\">Via Ferrata L&#8217;Intermedia &#8211; Sant Pau de Fenollet<\/h2><div class=\"glsr glsr-default glsrw-loop-rating\" style=\"display: inline-block; margin: 0 auto;\">\n    <div class=\"glsr-star-rating glsr-stars\" role=\"img\" aria-label=\"Rated 5 out of 5 stars based on 1 ratings\" data-rating=\"5\" data-reviews=\"1\"><span class=\"glsr-star glsr-star-full\" aria-hidden=\"true\"><\/span><span class=\"glsr-star glsr-star-full\" aria-hidden=\"true\"><\/span><span class=\"glsr-star glsr-star-full\" aria-hidden=\"true\"><\/span><span class=\"glsr-star glsr-star-full\" aria-hidden=\"true\"><\/span><span class=\"glsr-star glsr-star-full\" aria-hidden=\"true\"><\/span><\/div><\/div>\n\t<span class=\"price\">Preus decreixents de 40\u20ac a 35\u20ac <small class=\"duration\">3 hours<\/small><\/span>\n<\/a><a href=\"https:\/\/www1.inextremis-aventura.fr\/ca\/activitats\/via-ferrata-intermedia-sant-pau-de-fenollet\/\" aria-describedby=\"woocommerce_loop_add_to_cart_link_describedby_11835\" data-quantity=\"1\" class=\"button product_type_appointment add_to_cart_button \" data-product_id=\"11835\" data-product_sku=\"vf-intermediaire-01\" aria-label=\"Read more about &ldquo;Via Ferrata L&#039;Intermedia - Sant Pau de Fenollet&rdquo;\" rel=\"nofollow\">Book<\/a>\t<span id=\"woocommerce_loop_add_to_cart_link_describedby_11835\" class=\"screen-reader-text\">\n\t\t\t<\/span>\n<\/li>\n<li class=\"desktop-align-center tablet-align-left mobile-align-left ast-product-gallery-layout-horizontal ast-product-gallery-with-no-image ast-magnify-disabled product type-product post-11927 status-publish first instock product_cat-curs-esportiu product_cat-via-ferrata-ca product_tag-sant-paul-de-fenouillet product_tag-via-ferrata-ca has-post-thumbnail virtual purchasable product-type-appointment\">\n\t<a href=\"https:\/\/www1.inextremis-aventura.fr\/ca\/activitats\/via-ferrata-la-panoramica\/\" class=\"woocommerce-LoopProduct-link woocommerce-loop-product__link\"><div class=\"wpcbm-wrapper wpcbm-wrapper-archive-image\"><img loading=\"lazy\" decoding=\"async\" width=\"1000\" height=\"750\" src=\"https:\/\/www1.inextremis-aventura.fr\/wp-content\/uploads\/2023\/06\/via-ferrata-panoramique-saint-paul-de-fenouillet-08-e1686123156102-1000x750.jpg\" class=\"attachment-woocommerce_thumbnail size-woocommerce_thumbnail\" alt=\"Via Ferrata La Panoramique - Saint Paul de Fenouillet - Pyrenees Orientales\" srcset=\"https:\/\/www1.inextremis-aventura.fr\/wp-content\/uploads\/2023\/06\/via-ferrata-panoramique-saint-paul-de-fenouillet-08-e1686123156102-1000x750.jpg 1000w, https:\/\/www1.inextremis-aventura.fr\/wp-content\/uploads\/2023\/06\/via-ferrata-panoramique-saint-paul-de-fenouillet-08-e1686123156102-1400x1050.jpg 1400w, https:\/\/www1.inextremis-aventura.fr\/wp-content\/uploads\/2023\/06\/via-ferrata-panoramique-saint-paul-de-fenouillet-08-e1686123156102-300x225.jpg 300w, https:\/\/www1.inextremis-aventura.fr\/wp-content\/uploads\/2023\/06\/via-ferrata-panoramique-saint-paul-de-fenouillet-08-e1686123156102-1024x768.jpg 1024w, https:\/\/www1.inextremis-aventura.fr\/wp-content\/uploads\/2023\/06\/via-ferrata-panoramique-saint-paul-de-fenouillet-08-e1686123156102-768x576.jpg 768w, https:\/\/www1.inextremis-aventura.fr\/wp-content\/uploads\/2023\/06\/via-ferrata-panoramique-saint-paul-de-fenouillet-08-e1686123156102.jpg 2048w\" sizes=\"auto, (max-width: 1000px) 100vw, 1000px\" \/><\/div><h2 class=\"woocommerce-loop-product__title\">Via Ferrata La Panoramica- Sant Pau de Fenollet &#8211; Pirineus Orientals<\/h2><div class=\"glsr glsr-default glsrw-loop-rating\" style=\"display: inline-block; margin: 0 auto;\">\n    <div class=\"glsr-star-rating glsr-stars\" role=\"img\" aria-label=\"Rated 5 out of 5 stars based on 1 ratings\" data-rating=\"5\" data-reviews=\"1\"><span class=\"glsr-star glsr-star-full\" aria-hidden=\"true\"><\/span><span class=\"glsr-star glsr-star-full\" aria-hidden=\"true\"><\/span><span class=\"glsr-star glsr-star-full\" aria-hidden=\"true\"><\/span><span class=\"glsr-star glsr-star-full\" aria-hidden=\"true\"><\/span><span class=\"glsr-star glsr-star-full\" aria-hidden=\"true\"><\/span><\/div><\/div>\n\t<span class=\"price\">Preus decreixents de 55 \u00e0 49 \u20ac <small class=\"duration\">4 hours<\/small><\/span>\n<\/a><a href=\"https:\/\/www1.inextremis-aventura.fr\/ca\/activitats\/via-ferrata-la-panoramica\/\" aria-describedby=\"woocommerce_loop_add_to_cart_link_describedby_11927\" data-quantity=\"1\" class=\"button product_type_appointment add_to_cart_button \" data-product_id=\"11927\" data-product_sku=\"vf-panoramique-01\" aria-label=\"Read more about &ldquo;Via Ferrata La Panoramica- Sant Pau de Fenollet - Pirineus Orientals&rdquo;\" rel=\"nofollow\">Book<\/a>\t<span id=\"woocommerce_loop_add_to_cart_link_describedby_11927\" class=\"screen-reader-text\">\n\t\t\t<\/span>\n<\/li>\n<\/ul>\n<\/div>[\/vc_column][\/vc_row][vc_row][vc_column][vc_column_text css=&#8221;&#8221;]<\/p>\n<h2>Favorite accommodation in the Eastern Pyrenees<\/h2>\n<p><strong>Treehouses in Prats de Mollo la Preste.<\/strong><\/p>\n<p>[\/vc_column_text][\/vc_column][\/vc_row][vc_row][vc_column width=&#8221;1\/2&#8243;][vc_column_text css=&#8221;&#8221;]<\/p>\n<h3><img loading=\"lazy\" decoding=\"async\" class=\"aligncenter wp-image-7074 size-full\" src=\"https:\/\/www.inextremis-aventura.fr\/wp-content\/uploads\/2022\/06\/ExternalLink_domaine-oz-arbres-cabane-sequoia-05.jpg\" alt=\"Cabins perched in the trees - Domaine Oz'arbres\" width=\"888\" height=\"664\" srcset=\"https:\/\/www1.inextremis-aventura.fr\/wp-content\/uploads\/2022\/06\/ExternalLink_domaine-oz-arbres-cabane-sequoia-05.jpg 888w, https:\/\/www1.inextremis-aventura.fr\/wp-content\/uploads\/2022\/06\/ExternalLink_domaine-oz-arbres-cabane-sequoia-05-100x75.jpg 100w, https:\/\/www1.inextremis-aventura.fr\/wp-content\/uploads\/2022\/06\/ExternalLink_domaine-oz-arbres-cabane-sequoia-05-300x224.jpg 300w, https:\/\/www1.inextremis-aventura.fr\/wp-content\/uploads\/2022\/06\/ExternalLink_domaine-oz-arbres-cabane-sequoia-05-768x574.jpg 768w\" sizes=\"auto, (max-width: 888px) 100vw, 888px\" \/>Cabins perched in the trees Pyrenees Orientales<\/h3>\n<p>[\/vc_column_text][vc_column_text css=&#8221;&#8221;]<strong>Another desire for nature&#8230;<\/strong><br \/>\nAfter your canyoning trip in Vallespir we suggest you discover unusual accommodation a little further up in the Tech valley, in the heart of a national forest in Prats de Mollo la Preste&#8230;[\/vc_column_text][vc_btn title=&#8221;+ details&#8221; style=&#8221;custom&#8221; custom_background=&#8221;#fb2056&#8243; custom_text=&#8221;#ffffff&#8221; shape=&#8221;square&#8221; align=&#8221;center&#8221; css=&#8221;&#8221; link=&#8221;url:https%3A%2F%2Fwww.domaineozarbres.fr%2F|title:Activities|target:_blank|&#8221;][\/vc_column][vc_column width=&#8221;1\/2&#8243;][\/vc_column][\/vc_row]<\/p>\n<\/div>","protected":false},"excerpt":{"rendered":"<p>[vc_row full_width=&#8221;stretch_row_content_no_spaces&#8221; content_placement=&#8221;middle&#8221; css=&#8221;.vc_custom_1669811282596{background-color: #fb2056 !important;}&#8221; el_class=&#8221;barre&#8221;][vc_column width=&#8221;1\/4&#8243; offset=&#8221;vc_hidden-sm vc_hidden-xs&#8221;][vc_column_text css=&#8221;.vc_custom_1735034827829{margin-left: 20px !important;}&#8221;] Contact-us ![\/vc_column_text][\/vc_column][vc_column width=&#8221;1\/4&#8243; offset=&#8221;vc_col-sm-offset-0 vc_hidden-sm vc_hidden-xs&#8221;][vc_column_text]\u260f +33 9 80 850 565[\/vc_column_text][\/vc_column][vc_column width=&#8221;1\/4&#8243;][vc_column_text css=&#8221;.vc_custom_1735034888896{margin-left: 20px !important;}&#8221;] +33 629 564 036[\/vc_column_text][\/vc_column][vc_column width=&#8221;1\/4&#8243; offset=&#8221;vc_col-sm-offset-0 vc_hidden-sm vc_hidden-xs&#8221;][vc_column_text] Nos Locaux[\/vc_column_text][\/vc_column][\/vc_row][vc_row][vc_column][vc_column_text css=&#8221;&#8221; el_class=&#8221;product_title&#8221;] Pyrenees Orientals Canyoning [\/vc_column_text][vc_column_text css=&#8221;&#8221;]Canyoning for everyone, children, teenagers, adults in the Eastern Pyrenees (66) [&hellip;]<\/p>\n","protected":false},"author":1,"featured_media":11535,"parent":0,"menu_order":0,"comment_status":"closed","ping_status":"closed","template":"","meta":{"_acf_changed":false,"_seopress_robots_primary_cat":"","_seopress_titles_title":"%%post_title%%","_seopress_titles_desc":"Canyoning pour tous, enfants, ados, adultes dans les Pyr\u00e9n\u00e9es Orientales (66) de la r\u00e9gion Occitanie avec guides moniteurs canyon dipl\u00f4m\u00e9s d'\u00e9tat fran\u00e7ais","_seopress_robots_index":"","site-sidebar-layout":"no-sidebar","site-content-layout":"page-builder","ast-site-content-layout":"full-width-container","site-content-style":"unboxed","site-sidebar-style":"unboxed","ast-global-header-display":"","ast-banner-title-visibility":"","ast-main-header-display":"","ast-hfb-above-header-display":"","ast-hfb-below-header-display":"","ast-hfb-mobile-header-display":"","site-post-title":"disabled","ast-breadcrumbs-content":"","ast-featured-img":"disabled","footer-sml-layout":"","ast-disable-related-posts":"","theme-transparent-header-meta":"default","adv-header-id-meta":"","stick-header-meta":"default","header-above-stick-meta":"","header-main-stick-meta":"on","header-below-stick-meta":"","astra-migrate-meta-layouts":"set","ast-page-background-enabled":"default","ast-page-background-meta":{"desktop":{"background-color":"var(--ast-global-color-4)","background-image":"","background-repeat":"repeat","background-position":"center center","background-size":"auto","background-attachment":"scroll","background-type":"","background-media":"","overlay-type":"","overlay-color":"","overlay-opacity":"","overlay-gradient":""},"tablet":{"background-color":"","background-image":"","background-repeat":"repeat","background-position":"center center","background-size":"auto","background-attachment":"scroll","background-type":"","background-media":"","overlay-type":"","overlay-color":"","overlay-opacity":"","overlay-gradient":""},"mobile":{"background-color":"","background-image":"","background-repeat":"repeat","background-position":"center center","background-size":"auto","background-attachment":"scroll","background-type":"","background-media":"","overlay-type":"","overlay-color":"","overlay-opacity":"","overlay-gradient":""}},"ast-content-background-meta":{"desktop":{"background-color":"var(--ast-global-color-5)","background-image":"","background-repeat":"repeat","background-position":"center center","background-size":"auto","background-attachment":"scroll","background-type":"","background-media":"","overlay-type":"","overlay-color":"","overlay-opacity":"","overlay-gradient":""},"tablet":{"background-color":"var(--ast-global-color-5)","background-image":"","background-repeat":"repeat","background-position":"center center","background-size":"auto","background-attachment":"scroll","background-type":"","background-media":"","overlay-type":"","overlay-color":"","overlay-opacity":"","overlay-gradient":""},"mobile":{"background-color":"var(--ast-global-color-5)","background-image":"","background-repeat":"repeat","background-position":"center center","background-size":"auto","background-attachment":"scroll","background-type":"","background-media":"","overlay-type":"","overlay-color":"","overlay-opacity":"","overlay-gradient":""}},"_glsr_average":0,"_glsr_ranking":0,"_glsr_reviews":0,"footnotes":""},"categories":[],"tags":[],"class_list":["post-809","page","type-page","status-publish","has-post-thumbnail","hentry"],"acf":[],"_links":{"self":[{"href":"https:\/\/www1.inextremis-aventura.fr\/en\/wp-json\/wp\/v2\/pages\/809","targetHints":{"allow":["GET"]}}],"collection":[{"href":"https:\/\/www1.inextremis-aventura.fr\/en\/wp-json\/wp\/v2\/pages"}],"about":[{"href":"https:\/\/www1.inextremis-aventura.fr\/en\/wp-json\/wp\/v2\/types\/page"}],"author":[{"embeddable":true,"href":"https:\/\/www1.inextremis-aventura.fr\/en\/wp-json\/wp\/v2\/users\/1"}],"replies":[{"embeddable":true,"href":"https:\/\/www1.inextremis-aventura.fr\/en\/wp-json\/wp\/v2\/comments?post=809"}],"version-history":[{"count":7,"href":"https:\/\/www1.inextremis-aventura.fr\/en\/wp-json\/wp\/v2\/pages\/809\/revisions"}],"predecessor-version":[{"id":11799,"href":"https:\/\/www1.inextremis-aventura.fr\/en\/wp-json\/wp\/v2\/pages\/809\/revisions\/11799"}],"wp:featuredmedia":[{"embeddable":true,"href":"https:\/\/www1.inextremis-aventura.fr\/en\/wp-json\/wp\/v2\/media\/11535"}],"wp:attachment":[{"href":"https:\/\/www1.inextremis-aventura.fr\/en\/wp-json\/wp\/v2\/media?parent=809"}],"wp:term":[{"taxonomy":"category","embeddable":true,"href":"https:\/\/www1.inextremis-aventura.fr\/en\/wp-json\/wp\/v2\/categories?post=809"},{"taxonomy":"post_tag","embeddable":true,"href":"https:\/\/www1.inextremis-aventura.fr\/en\/wp-json\/wp\/v2\/tags?post=809"}],"curies":[{"name":"wp","href":"https:\/\/api.w.org\/{rel}","templated":true}]}}